{"id":2600,"date":"2020-12-01T17:23:49","date_gmt":"2020-12-01T17:23:49","guid":{"rendered":"http:\/\/www.dgft.de\/?page_id=2600"},"modified":"2021-02-15T17:32:04","modified_gmt":"2021-02-15T17:32:04","slug":"therapeuteninnen-liste","status":"publish","type":"page","link":"https:\/\/www.dgft.de\/en\/intern-2\/therapeuteninnen-liste\/","title":{"rendered":"Therapeuten*innen Liste"},"content":{"rendered":"<p><div class=\"fusion-fullwidth fullwidth-box fusion-builder-row-1 fusion-flex-container nonhundred-percent-fullwidth non-hundred-percent-height-scrolling\" style=\"--awb-border-radius-top-left:0px;--awb-border-radius-top-right:0px;--awb-border-radius-bottom-right:0px;--awb-border-radius-bottom-left:0px;--awb-flex-wrap:wrap;\" ><div class=\"fusion-builder-row fusion-row fusion-flex-align-items-flex-start fusion-flex-content-wrap\" style=\"max-width:1144px;margin-left: calc(-4% \/ 2 );margin-right: calc(-4% \/ 2 );\"><div class=\"fusion-layout-column fusion_builder_column fusion-builder-column-0 fusion_builder_column_1_1 1_1 fusion-flex-column\" style=\"--awb-bg-size:cover;--awb-width-large:100%;--awb-margin-top-large:0px;--awb-spacing-right-large:1.92%;--awb-margin-bottom-large:20px;--awb-spacing-left-large:1.92%;--awb-width-medium:100%;--awb-order-medium:0;--awb-spacing-right-medium:1.92%;--awb-spacing-left-medium:1.92%;--awb-width-small:100%;--awb-order-small:0;--awb-spacing-right-small:1.92%;--awb-spacing-left-small:1.92%;\"><div class=\"fusion-column-wrapper fusion-column-has-shadow fusion-flex-justify-content-flex-start fusion-content-layout-column\"><div class=\"fusion-title title fusion-title-1 fusion-title-text fusion-title-size-one\"><div class=\"title-sep-container title-sep-container-left fusion-no-large-visibility fusion-no-medium-visibility fusion-no-small-visibility\"><div class=\"title-sep sep-double sep-solid\" style=\"border-color:#e0dede;\"><\/div><\/div><span class=\"awb-title-spacer fusion-no-large-visibility fusion-no-medium-visibility fusion-no-small-visibility\"><\/span><h1 class=\"fusion-title-heading title-heading-left fusion-responsive-typography-calculated\" style=\"margin:0;--fontSize:32;line-height:1.2;\">Neugestaltung Theatertherapeuten*innen Liste<\/h1><span class=\"awb-title-spacer\"><\/span><div class=\"title-sep-container title-sep-container-right\"><div class=\"title-sep sep-double sep-solid\" style=\"border-color:#e0dede;\"><\/div><\/div><\/div><div class=\"fusion-text fusion-text-1\"><p><strong>Hallo liebe Theatertherapeuten*innen bzw. Supervisoren*innen,<\/strong><\/p>\n<p>Inzwischen habt ihr sicherlich mitbekommen, dass sich die Website der DGfT in konstanter Bearbeitung befindet. Im Zuge dieser Umstrukturierung, m\u00f6chten wir auch die Therapeuten*innen bzw. Supervisoren*innen Suche auf der Website neu gestalten. Ein Beispiel zur neuen Gestaltung seht ihr hier:<\/p>\n<\/div><div class=\"fusion-title title fusion-title-2 sep-underline sep-solid fusion-title-text fusion-title-size-div\"><div class=\"fusion-title-heading title-heading-left title-heading-tag fusion-responsive-typography-calculated\" style=\"margin:0;--fontSize:16;--minFontSize:16;line-height:1.5;\"><strong>Postleitzahlbereich 1<\/strong><\/div><\/div><div class=\"fusion-content-boxes content-boxes columns row fusion-columns-2 fusion-columns-total-4 fusion-content-boxes-1 content-boxes-icon-with-title content-left\" style=\"--awb-backgroundcolor:#f2f2f2;--awb-title-color:#bb4655;--awb-hover-accent-color:#bb4655;--awb-circle-hover-accent-color:#bb4655;\" data-animationOffset=\"top-into-view\"><div style=\"--awb-backgroundcolor:#f2f2f2;\" class=\"fusion-column content-box-column content-box-column content-box-column-1 col-lg-6 col-md-6 col-sm-6 fusion-content-box-hover content-box-column-first-in-row\"><div class=\"col content-box-wrapper content-wrapper-background link-area-link-icon icon-hover-animation-fade fusion-animated\" data-animationType=\"fadeIn\" data-animationDuration=\"0.9\" data-animationOffset=\"top-into-view\"><div class=\"heading heading-with-icon icon-left\"><div aria-hidden=\"true\" class=\"image\"><img decoding=\"async\" src=\"https:\/\/www.dgft.de\/wp-content\/uploads\/BeispielProfilbild-300x300.jpg\" width=\"100\" height=\"100\" alt=\"\" \/><\/div><h2 class=\"content-box-heading fusion-responsive-typography-calculated\" style=\"--h2_typography-font-size:22px;--fontSize:22;line-height:1.5;\">Maren Mustermann<\/h2><\/div><div class=\"fusion-clearfix\"><\/div><div class=\"content-container\">\n<p align=\"right\"><b><span style=\"font-size: 16px;\">10961 Berlin<\/span><\/b><\/p>\n<p align=\"left\"><em><span style=\"font-size: 18px;\" data-fusion-font=\"true\">Klinische Theater- und Dramatherapie, Schauspielerin<\/span><\/em><span style=\"font-size: 14px;\" data-fusion-font=\"true\"><br \/><\/span><\/p>\n<p align=\"left\"><span style=\"font-size: 14px;\" data-fusion-font=\"true\">Deutsch &amp; English<\/span>\n<\/p>\n<p align=\"left\"><span style=\"line-height: 27px;\"><a href=\"https:\/\/www.dgft.de\" target=\"_blank\" rel=\"noopener noreferrer\">Website<\/a><\/span><br \/><a style=\"line-height: 27px;\" href=\"mailto:maren.mustermann@mail.de\" data-fusion-font=\"true\">maren.mustermann@mail.de<\/a><br \/><a style=\"line-height: 27px;\" href=\"tel:+499123456789\" data-fusion-font=\"true\">08223 984789<\/a><\/p>\n<div class=\"accordian fusion-accordian\" style=\"--awb-border-size:0px;--awb-icon-size:13px;--awb-content-font-size:16px;--awb-icon-alignment:left;--awb-hover-color:#f9f9f9;--awb-border-color:#cccccc;--awb-background-color:#ffffff;--awb-divider-color:#e0dede;--awb-divider-hover-color:#e0dede;--awb-icon-color:#ffffff;--awb-title-color:#31388c;--awb-content-color:#515050;--awb-icon-box-color:#bb4655;--awb-toggle-hover-accent-color:#bb4655;--awb-title-font-family:&quot;Slabo 13px&quot;;--awb-title-font-weight:400;--awb-title-font-style:normal;--awb-title-font-size:16px;--awb-content-font-family:&quot;Slabo 13px&quot;;--awb-content-font-style:normal;--awb-content-font-weight:regular;\"><div class=\"panel-group fusion-toggle-icon-boxed\" id=\"accordion-2600-1\"> <div class=\"fusion-panel panel-default panel-bdddf62f9f80ac599 fusion-toggle-no-divider\"><div class=\"panel-heading\"><h4 class=\"panel-title toggle\" id=\"toggle_bdddf62f9f80ac599\"><a aria-expanded=\"false\" aria-controls=\"bdddf62f9f80ac599\" role=\"button\" data-toggle=\"collapse\" data-parent=\"#accordion-2600-1\" data-target=\"#bdddf62f9f80ac599\" href=\"#bdddf62f9f80ac599\"><span class=\"fusion-toggle-icon-wrapper\" aria-hidden=\"true\"><i class=\"fa-fusion-box active-icon awb-icon-minus\" aria-hidden=\"true\"><\/i><i class=\"fa-fusion-box inactive-icon awb-icon-plus\" aria-hidden=\"true\"><\/i><\/span><span class=\"fusion-toggle-heading\">Kurzbeschreibung<\/span><\/a><\/h4><\/div><div id=\"bdddf62f9f80ac599\" class=\"panel-collapse collapse \" aria-labelledby=\"toggle_bdddf62f9f80ac599\"><div class=\"panel-body toggle-content fusion-clearfix\">\n<p>Systemorientierte Drama- und Theatertherapeutin. Mehrj\u00e4hrige Erfahrung als klinische Theater- und Bewegungs\u00adtherapeutin in Psychiatrie und Psychotherapie, Einzel- und Gruppentherapie. Schwerpunkte: Essst\u00f6rungen, Psychosomatik, Depression. Angehende Dozentin in der Weiterbildung von Theatertherapeuten. Staatlich anerkannte Schauspielerin. Dozentin f\u00fcr Schauspieltraining und Selbsterfahrung.<\/p>\n<\/div><\/div><\/div><\/div><\/div><\/div><\/div><\/div><div style=\"--awb-backgroundcolor:#f2f2f2;\" class=\"fusion-column content-box-column content-box-column content-box-column-2 col-lg-6 col-md-6 col-sm-6 fusion-content-box-hover content-box-column-last-in-row\"><div class=\"col content-box-wrapper content-wrapper-background link-area-link-icon icon-hover-animation-fade fusion-animated\" data-animationType=\"fadeIn\" data-animationDuration=\"0.9\" data-animationOffset=\"top-into-view\"><div class=\"heading heading-with-icon icon-left\"><div aria-hidden=\"true\" class=\"image\"><img decoding=\"async\" src=\"https:\/\/www.dgft.de\/wp-content\/uploads\/BeispielProfilbild2.jpg\" width=\"100\" height=\"100\" alt=\"\" \/><\/div><h2 class=\"content-box-heading fusion-responsive-typography-calculated\" style=\"--h2_typography-font-size:22px;--fontSize:22;line-height:1.5;\">Max Mustermann<\/h2><\/div><div class=\"fusion-clearfix\"><\/div><div class=\"content-container\">\n<p align=\"right\"><b>10932 Berlin<\/b><\/p>\n<p align=\"left\"><img decoding=\"async\" class=\"wp-image-2622  alignleft\" src=\"https:\/\/www.dgft.de\/wp-content\/uploads\/DGFT-Registriert_Shadow.png\" alt=\"\" width=\"80\" height=\"51\"><\/p>\n<p align=\"center\"><em><span style=\"font-size: 18px;\" data-fusion-font=\"true\">Theatertherapie, Traumatherapie, Beratung<\/span><\/em><\/p>\n<p align=\"left\"><span style=\"font-size: 14px;\" data-fusion-font=\"true\">Deutsch, English &amp; T\u00fcrkisch<\/span><\/p>\n<p align=\"left\"><a style=\"line-height: 27px;\" href=\"https:\/\/www.dgft.de\" data-fusion-font=\"true\">Website<\/a><br \/><a style=\"line-height: 27px;\" href=\"mailto:maren.mustermann@mail.de\" data-fusion-font=\"true\">max.mustermann@mail.de<\/a><br \/><a style=\"line-height: 27px;\" href=\"tel:+499123456789\" data-fusion-font=\"true\">01343 8933 3139<\/a><\/p>\n<div class=\"accordian fusion-accordian\" style=\"--awb-border-size:0px;--awb-icon-size:13px;--awb-content-font-size:16px;--awb-icon-alignment:left;--awb-hover-color:#f9f9f9;--awb-border-color:#cccccc;--awb-background-color:#ffffff;--awb-divider-color:#e0dede;--awb-divider-hover-color:#e0dede;--awb-icon-color:#ffffff;--awb-title-color:#31388c;--awb-content-color:#515050;--awb-icon-box-color:#bb4655;--awb-toggle-hover-accent-color:#bb4655;--awb-title-font-family:&quot;Slabo 13px&quot;;--awb-title-font-weight:400;--awb-title-font-style:normal;--awb-title-font-size:16px;--awb-content-font-family:&quot;Slabo 13px&quot;;--awb-content-font-style:normal;--awb-content-font-weight:regular;\"><div class=\"panel-group fusion-toggle-icon-boxed\" id=\"accordion-2600-2\"> <div class=\"fusion-panel panel-default panel-c3ea14a51edfb8225 fusion-toggle-no-divider\"><div class=\"panel-heading\"><h4 class=\"panel-title toggle\" id=\"toggle_c3ea14a51edfb8225\"><a aria-expanded=\"false\" aria-controls=\"c3ea14a51edfb8225\" role=\"button\" data-toggle=\"collapse\" data-parent=\"#accordion-2600-2\" data-target=\"#c3ea14a51edfb8225\" href=\"#c3ea14a51edfb8225\"><span class=\"fusion-toggle-icon-wrapper\" aria-hidden=\"true\"><i class=\"fa-fusion-box active-icon awb-icon-minus\" aria-hidden=\"true\"><\/i><i class=\"fa-fusion-box inactive-icon awb-icon-plus\" aria-hidden=\"true\"><\/i><\/span><span class=\"fusion-toggle-heading\">Kurzbeschreibung<\/span><\/a><\/h4><\/div><div id=\"c3ea14a51edfb8225\" class=\"panel-collapse collapse \" aria-labelledby=\"toggle_c3ea14a51edfb8225\"><div class=\"panel-body toggle-content fusion-clearfix\">\n<p>Systemorientierte Drama- und Theatertherapeutin. Mehrj\u00e4hrige Erfahrung als klinische Theater- und Bewegungs\u00adtherapeutin in Psychiatrie und Psychotherapie, Einzel- und Gruppentherapie. Schwerpunkte: Essst\u00f6rungen, Psychosomatik, Depression. Angehende Dozentin in der Weiterbildung von Theatertherapeuten. Staatlich anerkannte Schauspielerin. Dozentin f\u00fcr Schauspieltraining und Selbsterfahrung.<\/p>\n<\/div><\/div><\/div><\/div><\/div><\/div><\/div><\/div><div style=\"--awb-backgroundcolor:#f2f2f2;\" class=\"fusion-column content-box-column content-box-column content-box-column-3 col-lg-6 col-md-6 col-sm-6 fusion-content-box-hover content-box-column-first-in-row\"><div class=\"col content-box-wrapper content-wrapper-background link-area-link-icon icon-hover-animation-fade fusion-animated\" data-animationType=\"fadeIn\" data-animationDuration=\"0.9\" data-animationOffset=\"top-into-view\"><div class=\"heading icon-left\"><h2 class=\"content-box-heading fusion-responsive-typography-calculated\" style=\"--h2_typography-font-size:22px;--fontSize:22;line-height:1.5;\">Maren Mustermann<\/h2><\/div><div class=\"fusion-clearfix\"><\/div><div class=\"content-container\">\n<p align=\"left\"><em><span style=\"font-size: 16px;\">Klinische Theater- und Dramatherapie, Schauspielerin<\/span><\/em><\/p>\n<p align=\"left\"><b>10961 Berlin<\/b><br \/><span style=\"font-size: 14px;\" data-fusion-font=\"true\">Deutsch &amp; English<\/span><\/p>\n<p align=\"left\"><span style=\"line-height: 27px;\"><a href=\"https:\/\/www.dgft.de\" target=\"_blank\" rel=\"noopener noreferrer\">Website<\/a><\/span><br \/>\n<a style=\"line-height: 27px;\" href=\"mailto:maren.mustermann@mail.de\" data-fusion-font=\"true\">maren.mustermann@mail.de<\/a><br \/>\n<a style=\"line-height: 27px;\" href=\"tel:+499123456789\" data-fusion-font=\"true\">08223 984789<\/a><\/p>\n<\/p>\n<div class=\"accordian fusion-accordian\" style=\"--awb-border-size:0px;--awb-icon-size:13px;--awb-content-font-size:16px;--awb-icon-alignment:left;--awb-hover-color:#f9f9f9;--awb-border-color:#cccccc;--awb-background-color:#ffffff;--awb-divider-color:#e0dede;--awb-divider-hover-color:#e0dede;--awb-icon-color:#ffffff;--awb-title-color:#31388c;--awb-content-color:#515050;--awb-icon-box-color:#bb4655;--awb-toggle-hover-accent-color:#bb4655;--awb-title-font-family:&quot;Slabo 13px&quot;;--awb-title-font-weight:400;--awb-title-font-style:normal;--awb-title-font-size:16px;--awb-content-font-family:&quot;Slabo 13px&quot;;--awb-content-font-style:normal;--awb-content-font-weight:regular;\"><div class=\"panel-group fusion-toggle-icon-boxed\" id=\"accordion-2600-3\"> <div class=\"fusion-panel panel-default panel-eb199958d02d74b93 fusion-toggle-no-divider\"><div class=\"panel-heading\"><h4 class=\"panel-title toggle\" id=\"toggle_eb199958d02d74b93\"><a aria-expanded=\"false\" aria-controls=\"eb199958d02d74b93\" role=\"button\" data-toggle=\"collapse\" data-parent=\"#accordion-2600-3\" data-target=\"#eb199958d02d74b93\" href=\"#eb199958d02d74b93\"><span class=\"fusion-toggle-icon-wrapper\" aria-hidden=\"true\"><i class=\"fa-fusion-box active-icon awb-icon-minus\" aria-hidden=\"true\"><\/i><i class=\"fa-fusion-box inactive-icon awb-icon-plus\" aria-hidden=\"true\"><\/i><\/span><span class=\"fusion-toggle-heading\">Kurzbeschreibung<\/span><\/a><\/h4><\/div><div id=\"eb199958d02d74b93\" class=\"panel-collapse collapse \" aria-labelledby=\"toggle_eb199958d02d74b93\"><div class=\"panel-body toggle-content fusion-clearfix\">\n<p>Systemorientierte Drama- und Theatertherapeutin. Mehrj\u00e4hrige Erfahrung als klinische Theater- und Bewegungs\u00adtherapeutin in Psychiatrie und Psychotherapie, Einzel- und Gruppentherapie. Schwerpunkte: Essst\u00f6rungen, Psychosomatik, Depression. Angehende Dozentin in der Weiterbildung von Theatertherapeuten. Staatlich anerkannte Schauspielerin. Dozentin f\u00fcr Schauspieltraining und Selbsterfahrung.<\/p>\n<\/div><\/div><\/div><\/div><\/div><\/div><\/div><\/div><div style=\"--awb-backgroundcolor:#f2f2f2;\" class=\"fusion-column content-box-column content-box-column content-box-column-4 col-lg-6 col-md-6 col-sm-6 fusion-content-box-hover content-box-column-last content-box-column-last-in-row\"><div class=\"col content-box-wrapper content-wrapper-background link-area-link-icon icon-hover-animation-fade fusion-animated\" data-animationType=\"fadeIn\" data-animationDuration=\"0.9\" data-animationOffset=\"top-into-view\"><div class=\"heading icon-left\"><h2 class=\"content-box-heading fusion-responsive-typography-calculated\" style=\"--h2_typography-font-size:22px;--fontSize:22;line-height:1.5;\">Max Mustermann<\/h2><\/div><div class=\"fusion-clearfix\"><\/div><div class=\"content-container\">\n<p><img decoding=\"async\" class=\"wp-image-2622  alignleft\" src=\"https:\/\/www.dgft.de\/wp-content\/uploads\/DGFT-Registriert_Shadow.png\" alt=\"\" width=\"80\" height=\"51\"><\/p>\n<p align=\"left\"><em>Theatertherapie, Trauma-therapie, Beratung<\/em><\/p>\n<p align=\"left\"><b>10932 Berlin<\/b><br \/>\n<span style=\"font-size: 14px;\" data-fusion-font=\"true\">Deutsch, English &amp; T\u00fcrkisch<\/span><\/p>\n<p align=\"left\"><a style=\"line-height: 27px;\" href=\"https:\/\/www.dgft.de\" data-fusion-font=\"true\">www.maxmustermann.de<\/a><br \/>\n<a style=\"line-height: 27px;\" href=\"mailto:maren.mustermann@mail.de\" data-fusion-font=\"true\">max.mustermann@mail.de<\/a><br \/>\n<a style=\"line-height: 27px;\" href=\"tel:+499123456789\" data-fusion-font=\"true\">01343 8933 3139<\/a><\/p>\n<div class=\"accordian fusion-accordian\" style=\"--awb-border-size:0px;--awb-icon-size:13px;--awb-content-font-size:16px;--awb-icon-alignment:left;--awb-hover-color:#f9f9f9;--awb-border-color:#cccccc;--awb-background-color:#ffffff;--awb-divider-color:#e0dede;--awb-divider-hover-color:#e0dede;--awb-icon-color:#ffffff;--awb-title-color:#31388c;--awb-content-color:#515050;--awb-icon-box-color:#bb4655;--awb-toggle-hover-accent-color:#bb4655;--awb-title-font-family:&quot;Slabo 13px&quot;;--awb-title-font-weight:400;--awb-title-font-style:normal;--awb-title-font-size:16px;--awb-content-font-family:&quot;Slabo 13px&quot;;--awb-content-font-style:normal;--awb-content-font-weight:regular;\"><div class=\"panel-group fusion-toggle-icon-boxed\" id=\"accordion-2600-4\"> <div class=\"fusion-panel panel-default panel-d7b472d76ed25267e fusion-toggle-no-divider\"><div class=\"panel-heading\"><h4 class=\"panel-title toggle\" id=\"toggle_d7b472d76ed25267e\"><a aria-expanded=\"false\" aria-controls=\"d7b472d76ed25267e\" role=\"button\" data-toggle=\"collapse\" data-parent=\"#accordion-2600-4\" data-target=\"#d7b472d76ed25267e\" href=\"#d7b472d76ed25267e\"><span class=\"fusion-toggle-icon-wrapper\" aria-hidden=\"true\"><i class=\"fa-fusion-box active-icon awb-icon-minus\" aria-hidden=\"true\"><\/i><i class=\"fa-fusion-box inactive-icon awb-icon-plus\" aria-hidden=\"true\"><\/i><\/span><span class=\"fusion-toggle-heading\">Kurzbeschreibung<\/span><\/a><\/h4><\/div><div id=\"d7b472d76ed25267e\" class=\"panel-collapse collapse \" aria-labelledby=\"toggle_d7b472d76ed25267e\"><div class=\"panel-body toggle-content fusion-clearfix\">\n<p>Systemorientierte Drama- und Theatertherapeutin. Mehrj\u00e4hrige Erfahrung als klinische Theater- und Bewegungs\u00adtherapeutin in Psychiatrie und Psychotherapie, Einzel- und Gruppentherapie. Schwerpunkte: Essst\u00f6rungen, Psychosomatik, Depression. Angehende Dozentin in der Weiterbildung von Theatertherapeuten. Staatlich anerkannte Schauspielerin. Dozentin f\u00fcr Schauspieltraining und Selbsterfahrung.<\/p>\n<\/div><\/div><\/div><\/div><\/div><\/div><\/div><\/div><div class=\"fusion-clearfix\"><\/div><\/div><div class=\"fusion-text fusion-text-2\"><p>Wir m\u00f6chten euch deswegen einladen euer derzeitiges <a href=\"https:\/\/www.dgft.de\/was-ist-theatertherapie\/wofindeich\/\">Profil<\/a> auf der Website anzugucken, auf Aktualit\u00e4t zu \u00fcberpr\u00fcfen und uns eventuelle neue Informationen zuzusenden. Sch\u00f6n w\u00e4re es auch, wenn wir ein <strong>Bild<\/strong> von euch auf der Website einbinden k\u00f6nnen. Dar\u00fcber hinaus, im Zuge der \u00dcbersetzung, m\u00f6chten wir auch auf der Website deutlich machen, in welcher <strong>Sprache<\/strong> Therapie bei euch angeboten wird: Ist Therapie in englischer, t\u00fcrkischer, franz\u00f6sicher, niederl\u00e4ndischer etc. Sprache m\u00f6glich? Wenn ja, w\u00e4re auch das wichtig in eurem Profil zu markieren.<\/p>\n<p>Bitte schickt uns \u00fcber folgendes Formular einen aktualisierten Text, ein Bild und die m\u00f6glichen Sprachen zu. Gerne k\u00f6nnt ihr euch auch jederzeit mit Kritik, Feedback zum jetzigen Erscheinungsbild der Homepage an mich wenden (<a href=\"mailto:tobias.constien@dgft.de\">tobias.constien@dgft.de<\/a>). Dar\u00fcber hinaus w\u00fcrde ich euch einladen, wenn noch nicht geschehen, die DGfT <a href=\"https:\/\/www.dgft.de\/intern-2\/mitgliederbefragung\/\">Mitgliederbefragung<\/a> zur Homepage auszuf\u00fcllen.<\/p>\n<p>Vielen Dank und liebe Gr\u00fc\u00dfe,<br \/><em>Tobias Constien<\/em><\/p>\n<\/div><iframe src=\"https:\/\/docs.google.com\/forms\/d\/e\/1FAIpQLSficow9rjlKSnOI4OUmUHEkO4jdcR5rxHt1Xnwp3R3qN3yQ3w\/viewform?embedded=true\" width=\"640\" height=\"2100\" frameborder=\"0\" marginheight=\"0\" marginwidth=\"0\">Loading\u2026<\/iframe><\/div><\/div><\/div><\/div><div class=\"fusion-fullwidth fullwidth-box fusion-builder-row-2 fusion-flex-container nonhundred-percent-fullwidth non-hundred-percent-height-scrolling\" style=\"--awb-border-radius-top-left:0px;--awb-border-radius-top-right:0px;--awb-border-radius-bottom-right:0px;--awb-border-radius-bottom-left:0px;--awb-flex-wrap:wrap;\" ><div class=\"fusion-builder-row fusion-row fusion-flex-align-items-flex-start fusion-flex-content-wrap\" style=\"max-width:1144px;margin-left: calc(-4% \/ 2 );margin-right: calc(-4% \/ 2 );\"><div class=\"fusion-layout-column fusion_builder_column fusion-builder-column-1 fusion_builder_column_1_1 1_1 fusion-flex-column\" style=\"--awb-bg-size:cover;--awb-width-large:100%;--awb-margin-top-large:0px;--awb-spacing-right-large:1.92%;--awb-margin-bottom-large:20px;--awb-spacing-left-large:1.92%;--awb-width-medium:100%;--awb-order-medium:0;--awb-spacing-right-medium:1.92%;--awb-spacing-left-medium:1.92%;--awb-width-small:100%;--awb-order-small:0;--awb-spacing-right-small:1.92%;--awb-spacing-left-small:1.92%;\"><div class=\"fusion-column-wrapper fusion-column-has-shadow fusion-flex-justify-content-flex-start fusion-content-layout-column\"><div class=\"fusion-blog-shortcode fusion-blog-shortcode-1 fusion-blog-archive fusion-blog-layout-large fusion-blog-pagination\"><div class=\"fusion-posts-container fusion-posts-container-pagination fusion-blog-rollover\" data-pages=\"6\"><article id=\"blog-1-post-5490\" class=\"fusion-post-large post-5490 post type-post status-publish format-standard hentry category-frontnews category-news category-stellen\">\n\t<style type=\"text\/css\">\n\t\t\n\t\t\n\t\t\n\t\t\n\t\t\t<\/style>\n\n\n<div class=\"fusion-post-content post-content\"><h2 class=\"blog-shortcode-post-title entry-title\"><a href=\"https:\/\/www.dgft.de\/en\/stellenausschreibung-wildwasser-stuttgart\/\">Stellenausschreibung Wildwasser Stuttgart e.V.<\/a><\/h2><div class=\"fusion-post-content-container\"><p> Stellenausschreibung Wildwasser Stuttgart e.V. Zur Erweiterung ihres Teams sucht [...]<\/p><\/div><\/div><div class=\"fusion-clearfix\"><\/div><div class=\"fusion-meta-info\"><div class=\"fusion-alignleft\">By <span class=\"vcard\"><span class=\"fn\"><a href=\"https:\/\/www.dgft.de\/en\/author\/sylviascholz\/\" title=\"Posts by Sylvia Scholz\" rel=\"author\">Sylvia Scholz<\/a><\/span><\/span><span class=\"fusion-inline-sep\">|<\/span><span class=\"updated\" style=\"display:none;\">2026-04-29T21:12:54+02:00<\/span><span>April 29th, 2026<\/span><span class=\"fusion-inline-sep\">|<\/span>Categories: <a href=\"https:\/\/www.dgft.de\/en\/category\/frontnews\/\" rel=\"category tag\">Front News<\/a>, <a href=\"https:\/\/www.dgft.de\/en\/category\/news\/\" rel=\"category tag\">News<\/a>, <a href=\"https:\/\/www.dgft.de\/en\/category\/stellen\/\" rel=\"category tag\">Stellen<\/a><span class=\"fusion-inline-sep\">|<\/span><span class=\"fusion-comments\"><span>Comments Off<span class=\"screen-reader-text\"> on Stellenausschreibung Wildwasser Stuttgart e.V.<\/span><\/span><\/span><\/div><div class=\"fusion-alignright\"><a class=\"fusion-read-more\" href=\"https:\/\/www.dgft.de\/en\/stellenausschreibung-wildwasser-stuttgart\/\" aria-label=\"More on Stellenausschreibung Wildwasser Stuttgart e.V.\">Read More<\/a><\/div><\/div><\/article>\n<article id=\"blog-1-post-5488\" class=\"fusion-post-large post-5488 post type-post status-publish format-standard hentry category-frontnews category-news category-stellen\">\n\t<style type=\"text\/css\">\n\t\t\n\t\t\n\t\t\n\t\t\n\t\t\t<\/style>\n\n\n<div class=\"fusion-post-content post-content\"><h2 class=\"blog-shortcode-post-title entry-title\"><a href=\"https:\/\/www.dgft.de\/en\/stellenausschreibung-psychiatrische-tagesklinik-forchheim\/\">Stellenausschreibung Psychiatrische Tagesklinik Forchheim<\/a><\/h2><div class=\"fusion-post-content-container\"><p> Stellenausschreibung Psychiatrische Tagesklinik Forchheim Die Psychiatrische Tagesklinik Forchheim hat [...]<\/p><\/div><\/div><div class=\"fusion-clearfix\"><\/div><div class=\"fusion-meta-info\"><div class=\"fusion-alignleft\">By <span class=\"vcard\"><span class=\"fn\"><a href=\"https:\/\/www.dgft.de\/en\/author\/sylviascholz\/\" title=\"Posts by Sylvia Scholz\" rel=\"author\">Sylvia Scholz<\/a><\/span><\/span><span class=\"fusion-inline-sep\">|<\/span><span class=\"updated\" style=\"display:none;\">2026-04-29T21:05:05+02:00<\/span><span>April 29th, 2026<\/span><span class=\"fusion-inline-sep\">|<\/span>Categories: <a href=\"https:\/\/www.dgft.de\/en\/category\/frontnews\/\" rel=\"category tag\">Front News<\/a>, <a href=\"https:\/\/www.dgft.de\/en\/category\/news\/\" rel=\"category tag\">News<\/a>, <a href=\"https:\/\/www.dgft.de\/en\/category\/stellen\/\" rel=\"category tag\">Stellen<\/a><span class=\"fusion-inline-sep\">|<\/span><span class=\"fusion-comments\"><span>Comments Off<span class=\"screen-reader-text\"> on Stellenausschreibung Psychiatrische Tagesklinik Forchheim<\/span><\/span><\/span><\/div><div class=\"fusion-alignright\"><a class=\"fusion-read-more\" href=\"https:\/\/www.dgft.de\/en\/stellenausschreibung-psychiatrische-tagesklinik-forchheim\/\" aria-label=\"More on Stellenausschreibung Psychiatrische Tagesklinik Forchheim\">Read More<\/a><\/div><\/div><\/article>\n<article id=\"blog-1-post-5486\" class=\"fusion-post-large post-5486 post type-post status-publish format-standard hentry category-frontnews category-news category-stellen\">\n\t<style type=\"text\/css\">\n\t\t\n\t\t\n\t\t\n\t\t\n\t\t\t<\/style>\n\n\n<div class=\"fusion-post-content post-content\"><h2 class=\"blog-shortcode-post-title entry-title\"><a href=\"https:\/\/www.dgft.de\/en\/stellenausschreibung-kinderhaus-muenchen\/\">Stellenausschreibung Kinderhaus M\u00fcnchen<\/a><\/h2><div class=\"fusion-post-content-container\"><p> Stellenausschreibung Kinderhaus M\u00fcnchen Das Kinderhaus M\u00fcnchen sucht ab sofort [...]<\/p><\/div><\/div><div class=\"fusion-clearfix\"><\/div><div class=\"fusion-meta-info\"><div class=\"fusion-alignleft\">By <span class=\"vcard\"><span class=\"fn\"><a href=\"https:\/\/www.dgft.de\/en\/author\/sylviascholz\/\" title=\"Posts by Sylvia Scholz\" rel=\"author\">Sylvia Scholz<\/a><\/span><\/span><span class=\"fusion-inline-sep\">|<\/span><span class=\"updated\" style=\"display:none;\">2026-04-29T20:57:42+02:00<\/span><span>April 29th, 2026<\/span><span class=\"fusion-inline-sep\">|<\/span>Categories: <a href=\"https:\/\/www.dgft.de\/en\/category\/frontnews\/\" rel=\"category tag\">Front News<\/a>, <a href=\"https:\/\/www.dgft.de\/en\/category\/news\/\" rel=\"category tag\">News<\/a>, <a href=\"https:\/\/www.dgft.de\/en\/category\/stellen\/\" rel=\"category tag\">Stellen<\/a><span class=\"fusion-inline-sep\">|<\/span><span class=\"fusion-comments\"><span>Comments Off<span class=\"screen-reader-text\"> on Stellenausschreibung Kinderhaus M\u00fcnchen<\/span><\/span><\/span><\/div><div class=\"fusion-alignright\"><a class=\"fusion-read-more\" href=\"https:\/\/www.dgft.de\/en\/stellenausschreibung-kinderhaus-muenchen\/\" aria-label=\"More on Stellenausschreibung Kinderhaus M\u00fcnchen\">Read More<\/a><\/div><\/div><\/article>\n<article id=\"blog-1-post-5484\" class=\"fusion-post-large post-5484 post type-post status-publish format-standard hentry category-frontnews category-news category-stellen\">\n\t<style type=\"text\/css\">\n\t\t\n\t\t\n\t\t\n\t\t\n\t\t\t<\/style>\n\n\n<div class=\"fusion-post-content post-content\"><h2 class=\"blog-shortcode-post-title entry-title\"><a href=\"https:\/\/www.dgft.de\/en\/stellenausschreibung-darmstaedter-kinderkliniken-prinzessin-margaret\/\">Stellenausschreibung Darmst\u00e4dter Kinderkliniken Prinzessin Margaret<\/a><\/h2><div class=\"fusion-post-content-container\"><p> Stellenausschreibung Darmst\u00e4dter Kinderkliniken Prinzessin Margaret Die Darmst\u00e4dter Kinderkliniken Prinzessin [...]<\/p><\/div><\/div><div class=\"fusion-clearfix\"><\/div><div class=\"fusion-meta-info\"><div class=\"fusion-alignleft\">By <span class=\"vcard\"><span class=\"fn\"><a href=\"https:\/\/www.dgft.de\/en\/author\/sylviascholz\/\" title=\"Posts by Sylvia Scholz\" rel=\"author\">Sylvia Scholz<\/a><\/span><\/span><span class=\"fusion-inline-sep\">|<\/span><span class=\"updated\" style=\"display:none;\">2026-04-29T20:49:54+02:00<\/span><span>April 29th, 2026<\/span><span class=\"fusion-inline-sep\">|<\/span>Categories: <a href=\"https:\/\/www.dgft.de\/en\/category\/frontnews\/\" rel=\"category tag\">Front News<\/a>, <a href=\"https:\/\/www.dgft.de\/en\/category\/news\/\" rel=\"category tag\">News<\/a>, <a href=\"https:\/\/www.dgft.de\/en\/category\/stellen\/\" rel=\"category tag\">Stellen<\/a><span class=\"fusion-inline-sep\">|<\/span><span class=\"fusion-comments\"><span>Comments Off<span class=\"screen-reader-text\"> on Stellenausschreibung Darmst\u00e4dter Kinderkliniken Prinzessin Margaret<\/span><\/span><\/span><\/div><div class=\"fusion-alignright\"><a class=\"fusion-read-more\" href=\"https:\/\/www.dgft.de\/en\/stellenausschreibung-darmstaedter-kinderkliniken-prinzessin-margaret\/\" aria-label=\"More on Stellenausschreibung Darmst\u00e4dter Kinderkliniken Prinzessin Margaret\">Read More<\/a><\/div><\/div><\/article>\n<article id=\"blog-1-post-5481\" class=\"fusion-post-large post-5481 post type-post status-publish format-standard hentry category-frontnews category-news category-stellen\">\n\t<style type=\"text\/css\">\n\t\t\n\t\t\n\t\t\n\t\t\n\t\t\t<\/style>\n\n\n<div class=\"fusion-post-content post-content\"><h2 class=\"blog-shortcode-post-title entry-title\"><a href=\"https:\/\/www.dgft.de\/en\/stellenausschreibung-klinikum-luedenscheid\/\">Stellenausschreibung Klinikum L\u00fcdenscheid<\/a><\/h2><div class=\"fusion-post-content-container\"><p> Stellenausschreibung Klinikum L\u00fcdenscheid Das Klinikum L\u00fcdenscheid sucht zum n\u00e4chstm\u00f6glichen [...]<\/p><\/div><\/div><div class=\"fusion-clearfix\"><\/div><div class=\"fusion-meta-info\"><div class=\"fusion-alignleft\">By <span class=\"vcard\"><span class=\"fn\"><a href=\"https:\/\/www.dgft.de\/en\/author\/sylviascholz\/\" title=\"Posts by Sylvia Scholz\" rel=\"author\">Sylvia Scholz<\/a><\/span><\/span><span class=\"fusion-inline-sep\">|<\/span><span class=\"updated\" style=\"display:none;\">2026-04-29T20:44:07+02:00<\/span><span>April 29th, 2026<\/span><span class=\"fusion-inline-sep\">|<\/span>Categories: <a href=\"https:\/\/www.dgft.de\/en\/category\/frontnews\/\" rel=\"category tag\">Front News<\/a>, <a href=\"https:\/\/www.dgft.de\/en\/category\/news\/\" rel=\"category tag\">News<\/a>, <a href=\"https:\/\/www.dgft.de\/en\/category\/stellen\/\" rel=\"category tag\">Stellen<\/a><span class=\"fusion-inline-sep\">|<\/span><span class=\"fusion-comments\"><span>Comments Off<span class=\"screen-reader-text\"> on Stellenausschreibung Klinikum L\u00fcdenscheid<\/span><\/span><\/span><\/div><div class=\"fusion-alignright\"><a class=\"fusion-read-more\" href=\"https:\/\/www.dgft.de\/en\/stellenausschreibung-klinikum-luedenscheid\/\" aria-label=\"More on Stellenausschreibung Klinikum L\u00fcdenscheid\">Read More<\/a><\/div><\/div><\/article>\n<article id=\"blog-1-post-5479\" class=\"fusion-post-large post-5479 post type-post status-publish format-standard hentry category-frontnews category-news category-stellen\">\n\t<style type=\"text\/css\">\n\t\t\n\t\t\n\t\t\n\t\t\n\t\t\t<\/style>\n\n\n<div class=\"fusion-post-content post-content\"><h2 class=\"blog-shortcode-post-title entry-title\"><a href=\"https:\/\/www.dgft.de\/en\/stellenausschreibung-awo-kreisverband-berlin-mitte\/\">Stellenausschreibung AWO Kreisverband Berlin-Mitte e.V.<\/a><\/h2><div class=\"fusion-post-content-container\"><p> Stellenausschreibung AWO Kreisverband Berlin-Mitte e. V. Der AWO Kreisverband [...]<\/p><\/div><\/div><div class=\"fusion-clearfix\"><\/div><div class=\"fusion-meta-info\"><div class=\"fusion-alignleft\">By <span class=\"vcard\"><span class=\"fn\"><a href=\"https:\/\/www.dgft.de\/en\/author\/sylviascholz\/\" title=\"Posts by Sylvia Scholz\" rel=\"author\">Sylvia Scholz<\/a><\/span><\/span><span class=\"fusion-inline-sep\">|<\/span><span class=\"updated\" style=\"display:none;\">2026-04-29T20:37:56+02:00<\/span><span>April 29th, 2026<\/span><span class=\"fusion-inline-sep\">|<\/span>Categories: <a href=\"https:\/\/www.dgft.de\/en\/category\/frontnews\/\" rel=\"category tag\">Front News<\/a>, <a href=\"https:\/\/www.dgft.de\/en\/category\/news\/\" rel=\"category tag\">News<\/a>, <a href=\"https:\/\/www.dgft.de\/en\/category\/stellen\/\" rel=\"category tag\">Stellen<\/a><span class=\"fusion-inline-sep\">|<\/span><span class=\"fusion-comments\"><span>Comments Off<span class=\"screen-reader-text\"> on Stellenausschreibung AWO Kreisverband Berlin-Mitte e.V.<\/span><\/span><\/span><\/div><div class=\"fusion-alignright\"><a class=\"fusion-read-more\" href=\"https:\/\/www.dgft.de\/en\/stellenausschreibung-awo-kreisverband-berlin-mitte\/\" aria-label=\"More on Stellenausschreibung AWO Kreisverband Berlin-Mitte e.V.\">Read More<\/a><\/div><\/div><\/article>\n<\/div><div class=\"pagination clearfix\"><span class=\"current\">1<\/span><a href=\"https:\/\/www.dgft.de\/en\/wp-json\/wp\/v2\/pages\/2600\/page\/2\/\" class=\"inactive\">2<\/a><a class=\"pagination-next\" rel=\"next\" href=\"https:\/\/www.dgft.de\/en\/wp-json\/wp\/v2\/pages\/2600\/page\/2\/\"><span class=\"page-text\">Next<\/span><span class=\"page-next\"><\/span><\/a><\/div><div class=\"fusion-clearfix\"><\/div><\/div><\/div><\/div><\/div><\/div><\/p>\n","protected":false},"excerpt":{"rendered":"<p>Stellenausschreibung AWO Kreisverband Berlin-Mitte e. V. Der AWO Kreisverband Berlin-Mitte e. V. sucht f\u00fcr den Bereich Straff\u00e4lligenhilfe f\u00fcr Frauen in der Einrichtung IsA-K (Integration statt Ausgrenzung &#8211; Kleiderwerkstatt) ab 01.05.2026\u00a0eine Ergotherapeutin\/\u00a0Kunsttherapeutin\u00a0oder eine Mitarbeiterin* mit \u00e4hnlicher Qualifikation. Es handelt sich um eine zun\u00e4chst\u00a0befristete Stelle bis zum 31.12.2026\u00a0mit einer w\u00f6chentlichen Arbeitszeit von\u00a020 Stunden\u00a0(Teilzeit). Aus konzeptionellen Gr\u00fcnden kann  [&#8230;]<\/p>\n","protected":false},"author":213,"featured_media":0,"parent":927,"menu_order":1,"comment_status":"closed","ping_status":"closed","template":"","meta":{"_bbp_topic_count":0,"_bbp_reply_count":0,"_bbp_total_topic_count":0,"_bbp_total_reply_count":0,"_bbp_voice_count":0,"_bbp_anonymous_reply_count":0,"_bbp_topic_count_hidden":0,"_bbp_reply_count_hidden":0,"_bbp_forum_subforum_count":0,"footnotes":""},"class_list":["post-2600","page","type-page","status-publish","hentry"],"_links":{"self":[{"href":"https:\/\/www.dgft.de\/en\/wp-json\/wp\/v2\/pages\/2600","targetHints":{"allow":["GET"]}}],"collection":[{"href":"https:\/\/www.dgft.de\/en\/wp-json\/wp\/v2\/pages"}],"about":[{"href":"https:\/\/www.dgft.de\/en\/wp-json\/wp\/v2\/types\/page"}],"author":[{"embeddable":true,"href":"https:\/\/www.dgft.de\/en\/wp-json\/wp\/v2\/users\/213"}],"replies":[{"embeddable":true,"href":"https:\/\/www.dgft.de\/en\/wp-json\/wp\/v2\/comments?post=2600"}],"version-history":[{"count":68,"href":"https:\/\/www.dgft.de\/en\/wp-json\/wp\/v2\/pages\/2600\/revisions"}],"predecessor-version":[{"id":2691,"href":"https:\/\/www.dgft.de\/en\/wp-json\/wp\/v2\/pages\/2600\/revisions\/2691"}],"up":[{"embeddable":true,"href":"https:\/\/www.dgft.de\/en\/wp-json\/wp\/v2\/pages\/927"}],"wp:attachment":[{"href":"https:\/\/www.dgft.de\/en\/wp-json\/wp\/v2\/media?parent=2600"}],"curies":[{"name":"wp","href":"https:\/\/api.w.org\/{rel}","templated":true}]}}