{"id":4608,"date":"2023-07-06T10:54:08","date_gmt":"2023-07-06T08:54:08","guid":{"rendered":"https:\/\/www.dgft.de\/?page_id=4608"},"modified":"2026-05-28T18:03:42","modified_gmt":"2026-05-28T16:03:42","slug":"stellenausschreibungen","status":"publish","type":"page","link":"https:\/\/www.dgft.de\/en\/wheredoifind\/jobs\/","title":{"rendered":"Jobs"},"content":{"rendered":"<div class=\"fusion-fullwidth fullwidth-box fusion-builder-row-1 fusion-flex-container nonhundred-percent-fullwidth non-hundred-percent-height-scrolling\" style=\"--awb-border-radius-top-left:0px;--awb-border-radius-top-right:0px;--awb-border-radius-bottom-right:0px;--awb-border-radius-bottom-left:0px;--awb-background-color:rgba(229,229,229,0);--awb-flex-wrap:wrap;--awb-box-shadow: 0px 0px ;\" ><div class=\"fusion-builder-row fusion-row fusion-flex-align-items-flex-start fusion-flex-content-wrap\" style=\"max-width:1144px;margin-left: calc(-4% \/ 2 );margin-right: calc(-4% \/ 2 );\"><div class=\"fusion-layout-column fusion_builder_column fusion-builder-column-0 fusion_builder_column_1_1 1_1 fusion-flex-column\" style=\"--awb-bg-size:cover;--awb-width-large:100%;--awb-margin-top-large:0px;--awb-spacing-right-large:1.92%;--awb-margin-bottom-large:20px;--awb-spacing-left-large:1.92%;--awb-width-medium:100%;--awb-order-medium:0;--awb-spacing-right-medium:1.92%;--awb-spacing-left-medium:1.92%;--awb-width-small:100%;--awb-order-small:0;--awb-spacing-right-small:1.92%;--awb-spacing-left-small:1.92%;\"><div class=\"fusion-column-wrapper fusion-column-has-shadow fusion-flex-justify-content-flex-start fusion-content-layout-column\"><div class=\"fusion-title title fusion-title-1 fusion-sep-none fusion-title-text fusion-title-size-one\"><h1 class=\"fusion-title-heading title-heading-left fusion-responsive-typography-calculated\" style=\"margin:0;--fontSize:32;line-height:1.2;\"><h1 style=\"color: #31388c;\">Job Advertisements<\/h1><\/h1><\/div><div class=\"fusion-blog-shortcode fusion-blog-shortcode-1 fusion-blog-archive fusion-blog-layout-grid-wrapper fusion-blog-no fusion-blog-no-images\" style=\"--awb-title-font-size:20px;--awb-title-line-height:var(--awb-typography2-line-height);--awb-title-letter-spacing:var(--awb-typography2-letter-spacing);\"><style type=\"text\/css\">.fusion-blog-shortcode-1 .fusion-blog-layout-grid .fusion-post-grid{padding:20px;}.fusion-blog-shortcode-1 .fusion-posts-container{margin-left: -20px !important; margin-right:-20px !important;}<\/style><div class=\"fusion-posts-container fusion-posts-container-no fusion-blog-layout-grid fusion-blog-layout-grid-1 isotope\" data-pages=\"0\" data-grid-col-space=\"40\" style=\"margin: -20px -20px 0;min-height:500px;\"><article id=\"blog-1-post-5501\" class=\"fusion-post-grid post-5501 post type-post status-publish format-standard hentry category-frontnews category-news category-stellen\">\n<div class=\"fusion-post-wrapper\" style=\"background-color:rgba(244,244,244,1);border:1px solid #ebeaea;border-bottom-width:3px;\"><div class=\"fusion-post-content-wrapper\" style=\"padding:20 10 10 10;\"><div class=\"fusion-post-content post-content\"><p class=\"fusion-single-line-meta\"><span class=\"vcard\" style=\"display: none;\"><span class=\"fn\"><a href=\"https:\/\/www.dgft.de\/en\/author\/sylviascholz\/\" rel=\"author\">Sylvia Scholz<\/a><\/span><\/span><span class=\"updated\" style=\"display:none;\">2026-08-17T17:13:47+02:00<\/span><span>August 17th, 2026<\/span><span class=\"fusion-inline-sep\">|<\/span><\/p><div class=\"fusion-post-content-container\"><div class=\"fusion-fullwidth fullwidth-box fusion-builder-row-1-1 fusion-flex-container has-pattern-background has-mask-background nonhundred-percent-fullwidth non-hundred-percent-height-scrolling\" style=\"--awb-border-radius-top-left:0px;--awb-border-radius-top-right:0px;--awb-border-radius-bottom-right:0px;--awb-border-radius-bottom-left:0px;--awb-flex-wrap:wrap;\" ><div class=\"fusion-builder-row fusion-row fusion-flex-align-items-flex-start fusion-flex-content-wrap\" style=\"width:104% !important;max-width:104% !important;margin-left: calc(-4% \/ 2 );margin-right: calc(-4% \/ 2 );\"><div class=\"fusion-layout-column fusion_builder_column fusion-builder-column-1 fusion_builder_column_1_1 1_1 fusion-flex-column\" style=\"--awb-bg-size:cover;--awb-width-large:100%;--awb-flex-grow:0;--awb-flex-shrink:0;--awb-margin-top-large:0px;--awb-spacing-right-large:1.92%;--awb-margin-bottom-large:20px;--awb-spacing-left-large:1.92%;--awb-width-medium:100%;--awb-order-medium:0;--awb-flex-grow-medium:0;--awb-flex-shrink-medium:0;--awb-spacing-right-medium:1.92%;--awb-spacing-left-medium:1.92%;--awb-width-small:100%;--awb-order-small:0;--awb-flex-grow-small:0;--awb-flex-shrink-small:0;--awb-spacing-right-small:1.92%;--awb-spacing-left-small:1.92%;\"><div class=\"fusion-column-wrapper fusion-column-has-shadow fusion-flex-justify-content-flex-start fusion-content-layout-column\"><div class=\"fusion-text fusion-text-1\"><h3>Stellenausschreibung Heiligenfeld Klinik in Uffenheim<\/h3>\n<p>Die Heiligenfeld Klinik in Uffenheim stellt eine\/n Fachtherapeut (m\/w\/d) in Vollzeit ein.\u00a0Sie arbeiten kreativtherapeutisch im Gruppen- und Einzelsetting und leiten psychoedukativ ausgerichtete und ressourcenorientierte Gruppen.<\/p>\n<p>Heiligenfeld ist eine werteorientierte und innovative Klinikgruppe mit Hauptsitz in Bad Kissingen. Wir betreiben 9 Kliniken an 5 Standorten und besch\u00e4ftigen ca. 985 Mitarbeitende. Seit \u00fcber 35 Jahren leben wir eine ausgepr\u00e4gte Patienten- und Mitarbeiterorientierung in unseren Kliniken und wurden daf\u00fcr mehrfach ausgezeichnet.<\/p>\n<p>Die Heiligenfeld Klinik Uffenheim ist eine Klinik f\u00fcr psychosomatische Krankenhausbehandlung. Die medizinisch-therapeutische Behandlung ist in der Heiligenfeld Klinik Uffenheim nach einem ganzheitlichen, integrativen und menschlichen Therapiekonzept gestaltet, das alle Ebenen der Person einbezieht.<\/p>\n<p>Die vollst\u00e4ndige Stellenausschreibung mit allen relevanten Informationen finden Sie \u00fcber folgenden Link:<\/p>\n<p><a href=\"https:\/\/heiligenfeld.softgarden.io\/job\/64936116\/Fachtherapeut-m-w-d-?jobDbPVId=281120623&amp;l=de\">Fachtherapeut (m\/w\/d)<\/a><\/p>\n<\/div><\/div><\/div><\/div><\/div>\n<\/div><\/div><\/div><div class=\"fusion-clearfix\"><\/div><\/div>\n<\/article>\n<article id=\"blog-1-post-5505\" class=\"fusion-post-grid post-5505 post type-post status-publish format-standard hentry category-frontnews category-news category-stellen\">\n<div class=\"fusion-post-wrapper\" style=\"background-color:rgba(244,244,244,1);border:1px solid #ebeaea;border-bottom-width:3px;\"><div class=\"fusion-post-content-wrapper\" style=\"padding:20 10 10 10;\"><div class=\"fusion-post-content post-content\"><p class=\"fusion-single-line-meta\"><span class=\"vcard\" style=\"display: none;\"><span class=\"fn\"><a href=\"https:\/\/www.dgft.de\/en\/author\/sylviascholz\/\" rel=\"author\">Sylvia Scholz<\/a><\/span><\/span><span class=\"updated\" style=\"display:none;\">2026-08-17T17:16:49+02:00<\/span><span>May 7th, 2026<\/span><span class=\"fusion-inline-sep\">|<\/span><\/p><div class=\"fusion-post-content-container\"><div class=\"fusion-fullwidth fullwidth-box fusion-builder-row-1-2 fusion-flex-container has-pattern-background has-mask-background nonhundred-percent-fullwidth non-hundred-percent-height-scrolling\" style=\"--awb-border-radius-top-left:0px;--awb-border-radius-top-right:0px;--awb-border-radius-bottom-right:0px;--awb-border-radius-bottom-left:0px;--awb-flex-wrap:wrap;\" ><div class=\"fusion-builder-row fusion-row fusion-flex-align-items-flex-start fusion-flex-content-wrap\" style=\"width:104% !important;max-width:104% !important;margin-left: calc(-4% \/ 2 );margin-right: calc(-4% \/ 2 );\"><div class=\"fusion-layout-column fusion_builder_column fusion-builder-column-2 fusion_builder_column_1_1 1_1 fusion-flex-column\" style=\"--awb-bg-size:cover;--awb-width-large:100%;--awb-flex-grow:0;--awb-flex-shrink:0;--awb-margin-top-large:0px;--awb-spacing-right-large:1.92%;--awb-margin-bottom-large:20px;--awb-spacing-left-large:1.92%;--awb-width-medium:100%;--awb-order-medium:0;--awb-flex-grow-medium:0;--awb-flex-shrink-medium:0;--awb-spacing-right-medium:1.92%;--awb-spacing-left-medium:1.92%;--awb-width-small:100%;--awb-order-small:0;--awb-flex-grow-small:0;--awb-flex-shrink-small:0;--awb-spacing-right-small:1.92%;--awb-spacing-left-small:1.92%;\"><div class=\"fusion-column-wrapper fusion-column-has-shadow fusion-flex-justify-content-flex-start fusion-content-layout-column\"><div class=\"fusion-text fusion-text-2\"><h3>Stellenausschreibung Heiligenfeld Klinik in Bad W\u00f6rishofen<\/h3>\n<p>Heiligenfeld ist eine werteorientierte und innovative Klinikgruppe mit Hauptsitz in Bad Kissingen. Wir betreiben 9 Kliniken an 5 Standorten und besch\u00e4ftigen ca. 985 Mitarbeitende. Seit \u00fcber 35 Jahren leben wir eine ausgepr\u00e4gte Patienten- und Mitarbeiterorientierung in unseren Kliniken und wurden daf\u00fcr mehrfach ausgezeichnet.<\/p>\n<p>Seit Kurzem erweitert eine psychosomatische Familienklinik f\u00fcr Eltern, Kinder und Jugendliche den Standort in Bad W\u00f6rishofen.<\/p>\n<p>Die medizinisch-therapeutische Behandlung ist in den Heiligenfeld Kliniken in Bad W\u00f6rishofen nach einem ganzheitlichen, integrativen und menschlichen Therapiekonzept gestaltet, das alle Ebenen der Person einbezieht. Mit unserem innovativen Behandlungskonzept werden neben den Schwerpunkten Depression, Angstst\u00f6rungen und Traumafolgest\u00f6rungen auch alle anderen psychosomatischen Erkrankungen behandelt.<\/p>\n<p>Die vollst\u00e4ndige Stellenausschreibung mit allen relevanten Informationen finden Sie \u00fcber folgenden Link:<\/p>\n<p><a href=\"https:\/\/heiligenfeld.softgarden.io\/job\/66449428\/Fachtherapeut-f%C3%BCr-K%C3%B6rpertherapie-m-w-d-Psychosomatische-Familienklinik?jobDbPVId=280484148&amp;l=de\">Fachtherapeut (m\/w\/d)<\/a><\/p>\n<\/div><\/div><\/div><\/div><\/div>\n<\/div><\/div><\/div><div class=\"fusion-clearfix\"><\/div><\/div>\n<\/article>\n<article id=\"blog-1-post-5502\" class=\"fusion-post-grid post-5502 post type-post status-publish format-standard hentry category-frontnews category-news category-stellen\">\n<div class=\"fusion-post-wrapper\" style=\"background-color:rgba(244,244,244,1);border:1px solid #ebeaea;border-bottom-width:3px;\"><div class=\"fusion-post-content-wrapper\" style=\"padding:20 10 10 10;\"><div class=\"fusion-post-content post-content\"><p class=\"fusion-single-line-meta\"><span class=\"vcard\" style=\"display: none;\"><span class=\"fn\"><a href=\"https:\/\/www.dgft.de\/en\/author\/sylviascholz\/\" rel=\"author\">Sylvia Scholz<\/a><\/span><\/span><span class=\"updated\" style=\"display:none;\">2026-08-17T17:11:37+02:00<\/span><span>May 7th, 2026<\/span><span class=\"fusion-inline-sep\">|<\/span><\/p><div class=\"fusion-post-content-container\"><div class=\"fusion-fullwidth fullwidth-box fusion-builder-row-1-3 fusion-flex-container has-pattern-background has-mask-background nonhundred-percent-fullwidth non-hundred-percent-height-scrolling\" style=\"--awb-border-radius-top-left:0px;--awb-border-radius-top-right:0px;--awb-border-radius-bottom-right:0px;--awb-border-radius-bottom-left:0px;--awb-flex-wrap:wrap;\" ><div class=\"fusion-builder-row fusion-row fusion-flex-align-items-flex-start fusion-flex-content-wrap\" style=\"width:104% !important;max-width:104% !important;margin-left: calc(-4% \/ 2 );margin-right: calc(-4% \/ 2 );\"><div class=\"fusion-layout-column fusion_builder_column fusion-builder-column-3 fusion_builder_column_1_1 1_1 fusion-flex-column\" style=\"--awb-bg-size:cover;--awb-width-large:100%;--awb-flex-grow:0;--awb-flex-shrink:0;--awb-margin-top-large:0px;--awb-spacing-right-large:1.92%;--awb-margin-bottom-large:20px;--awb-spacing-left-large:1.92%;--awb-width-medium:100%;--awb-order-medium:0;--awb-flex-grow-medium:0;--awb-flex-shrink-medium:0;--awb-spacing-right-medium:1.92%;--awb-spacing-left-medium:1.92%;--awb-width-small:100%;--awb-order-small:0;--awb-flex-grow-small:0;--awb-flex-shrink-small:0;--awb-spacing-right-small:1.92%;--awb-spacing-left-small:1.92%;\"><div class=\"fusion-column-wrapper fusion-column-has-shadow fusion-flex-justify-content-flex-start fusion-content-layout-column\"><div class=\"fusion-text fusion-text-3\"><h3>Stellenausschreibung Heiligenfeld Klinik in Bad Kissingen<\/h3>\n<p>Die Heiligenfeld Klinik in Bad Kissingen sucht f\u00fcr ihre Parkklinik Heiligenfeld Fachtherapeut (m\/w\/d) mit dem Schwerpunkt Kunsttherapie in Vollzeit.\u00a0Sie leiten die Kunsttherapie im Einzel- und Gruppensetting und psychoedukativ ausgerichtete und ressourcenorientierte Gruppen.<\/p>\n<p>Heiligenfeld ist eine werteorientierte und innovative Klinikgruppe mit Hauptsitz in Bad Kissingen. Wir betreiben 9 Kliniken an 5 Standorten und besch\u00e4ftigen ca. 985 Mitarbeitende. Seit \u00fcber 35 Jahren leben wir eine ausgepr\u00e4gte Patienten- und Mitarbeiterorientierung in unseren Kliniken und wurden daf\u00fcr mehrfach ausgezeichnet.<\/p>\n<p><strong>F\u00fcr das kreativtherapeutische Team der Rosengartenklinik suchen sie einen Fachtherapeuten (m\/w\/d) mit einem Stellenumfang von mindestens 75%.<\/strong><\/p>\n<p>Die vollst\u00e4ndige Stellenausschreibung mit allen relevanten Informationen finden Sie \u00fcber folgenden Link:<\/p>\n<p><a href=\"https:\/\/heiligenfeld.softgarden.io\/job\/65052173\/Fachtherapeut-m-w-d-mit-Schwerpunkt-K%C3%B6rpertherapie?jobDbPVId=280639313&amp;l=de\">Fachtherapeut (m\/w\/d)<\/a><\/p>\n<\/div><\/div><\/div><\/div><\/div>\n<\/div><\/div><\/div><div class=\"fusion-clearfix\"><\/div><\/div>\n<\/article>\n<article id=\"blog-1-post-5496\" class=\"fusion-post-grid post-5496 post type-post status-publish format-standard hentry category-frontnews category-news category-stellen\">\n<div class=\"fusion-post-wrapper\" style=\"background-color:rgba(244,244,244,1);border:1px solid #ebeaea;border-bottom-width:3px;\"><div class=\"fusion-post-content-wrapper\" style=\"padding:20 10 10 10;\"><div class=\"fusion-post-content post-content\"><p class=\"fusion-single-line-meta\"><span class=\"vcard\" style=\"display: none;\"><span class=\"fn\"><a href=\"https:\/\/www.dgft.de\/en\/author\/sylviascholz\/\" rel=\"author\">Sylvia Scholz<\/a><\/span><\/span><span class=\"updated\" style=\"display:none;\">2026-08-17T17:19:41+02:00<\/span><span>May 7th, 2026<\/span><span class=\"fusion-inline-sep\">|<\/span><\/p><div class=\"fusion-post-content-container\"><div class=\"fusion-fullwidth fullwidth-box fusion-builder-row-1-4 fusion-flex-container has-pattern-background has-mask-background nonhundred-percent-fullwidth non-hundred-percent-height-scrolling\" style=\"--awb-border-radius-top-left:0px;--awb-border-radius-top-right:0px;--awb-border-radius-bottom-right:0px;--awb-border-radius-bottom-left:0px;--awb-flex-wrap:wrap;\" ><div class=\"fusion-builder-row fusion-row fusion-flex-align-items-flex-start fusion-flex-content-wrap\" style=\"width:104% !important;max-width:104% !important;margin-left: calc(-4% \/ 2 );margin-right: calc(-4% \/ 2 );\"><div class=\"fusion-layout-column fusion_builder_column fusion-builder-column-4 fusion_builder_column_1_1 1_1 fusion-flex-column\" style=\"--awb-bg-size:cover;--awb-width-large:100%;--awb-flex-grow:0;--awb-flex-shrink:0;--awb-margin-top-large:0px;--awb-spacing-right-large:1.92%;--awb-margin-bottom-large:20px;--awb-spacing-left-large:1.92%;--awb-width-medium:100%;--awb-order-medium:0;--awb-flex-grow-medium:0;--awb-flex-shrink-medium:0;--awb-spacing-right-medium:1.92%;--awb-spacing-left-medium:1.92%;--awb-width-small:100%;--awb-order-small:0;--awb-flex-grow-small:0;--awb-flex-shrink-small:0;--awb-spacing-right-small:1.92%;--awb-spacing-left-small:1.92%;\"><div class=\"fusion-column-wrapper fusion-column-has-shadow fusion-flex-justify-content-flex-start fusion-content-layout-column\"><div class=\"fusion-text fusion-text-4\"><h3>Stellenausschreibung Heiligenfeld Klinik in Berlin<\/h3>\n<p>Heiligenfeld ist eine werteorientierte und innovative Klinikgruppe mit Hauptsitz in Bad Kissingen. Wir betreiben 9 Kliniken an 5 Standorten und besch\u00e4ftigen ca. 985 Mitarbeitende. Seit \u00fcber 35 Jahren leben wir eine ausgepr\u00e4gte Patienten- und Mitarbeiterorientierung in unseren Kliniken und wurden daf\u00fcr mehrfach ausgezeichnet.<\/p>\n<p>Neben den Schwerpunkten Depression, Angstst\u00f6rungen und Traumafolgest\u00f6rungen werden auch alle anderen psychosomatischen Erkrankungen behandelt. Die Heiligenfeld Klinik Berlin ist ein besonderer Ort, um Krisen zu bew\u00e4ltigen und Konflikte zu l\u00f6sen. Es werden medizinische und psychotherapeutische Behandlungen mit k\u00f6rperbezogenen Therapien, kreativen Methoden und anderen unterst\u00fctzenden Ma\u00dfnahmen angeboten.<\/p>\n<p><strong>Unterst\u00fctzen Sie das Team der Kreativtherapie mit einem Stellenumfang von 20 Stunden pro Woche bei einer Vier-Tage-Woche.<\/strong><\/p>\n<p>Die vollst\u00e4ndige Stellenausschreibung mit allen relevanten Informationen finden Sie \u00fcber folgenden Link:<\/p>\n<p><a href=\"https:\/\/heiligenfeld.softgarden.io\/job\/66450933\/Fachtherapeut-m-w-d-mit-Schwerpunkt-K%C3%B6rper-und-Tanztherapie?jobDbPVId=280488433&amp;l=de\">Psychologe (m\/w\/d) im kreativtherapeutischen Bereich<\/a><\/p>\n<\/div><\/div><\/div><\/div><\/div>\n<\/div><\/div><\/div><div class=\"fusion-clearfix\"><\/div><\/div>\n<\/article>\n<div class=\"fusion-clearfix\"><\/div><\/div><\/div><\/div><\/div><\/div><\/div>\n","protected":false},"excerpt":{"rendered":"<p>Stellenausschreibung Heiligenfeld Klinik in Berlin Heiligenfeld ist eine werteorientierte und innovative Klinikgruppe mit Hauptsitz in Bad Kissingen. Wir betreiben 9 Kliniken an 5 Standorten und besch\u00e4ftigen ca. 985 Mitarbeitende. Seit \u00fcber 35 Jahren leben wir eine ausgepr\u00e4gte Patienten- und Mitarbeiterorientierung in unseren Kliniken und wurden daf\u00fcr mehrfach ausgezeichnet. Neben den Schwerpunkten Depression, Angstst\u00f6rungen und Traumafolgest\u00f6rungen  [&#8230;]<\/p>\n","protected":false},"author":213,"featured_media":0,"parent":891,"menu_order":5,"comment_status":"closed","ping_status":"closed","template":"","meta":{"_bbp_topic_count":0,"_bbp_reply_count":0,"_bbp_total_topic_count":0,"_bbp_total_reply_count":0,"_bbp_voice_count":0,"_bbp_anonymous_reply_count":0,"_bbp_topic_count_hidden":0,"_bbp_reply_count_hidden":0,"_bbp_forum_subforum_count":0,"footnotes":""},"class_list":["post-4608","page","type-page","status-publish","hentry"],"_links":{"self":[{"href":"https:\/\/www.dgft.de\/en\/wp-json\/wp\/v2\/pages\/4608","targetHints":{"allow":["GET"]}}],"collection":[{"href":"https:\/\/www.dgft.de\/en\/wp-json\/wp\/v2\/pages"}],"about":[{"href":"https:\/\/www.dgft.de\/en\/wp-json\/wp\/v2\/types\/page"}],"author":[{"embeddable":true,"href":"https:\/\/www.dgft.de\/en\/wp-json\/wp\/v2\/users\/213"}],"replies":[{"embeddable":true,"href":"https:\/\/www.dgft.de\/en\/wp-json\/wp\/v2\/comments?post=4608"}],"version-history":[{"count":6,"href":"https:\/\/www.dgft.de\/en\/wp-json\/wp\/v2\/pages\/4608\/revisions"}],"predecessor-version":[{"id":5445,"href":"https:\/\/www.dgft.de\/en\/wp-json\/wp\/v2\/pages\/4608\/revisions\/5445"}],"up":[{"embeddable":true,"href":"https:\/\/www.dgft.de\/en\/wp-json\/wp\/v2\/pages\/891"}],"wp:attachment":[{"href":"https:\/\/www.dgft.de\/en\/wp-json\/wp\/v2\/media?parent=4608"}],"curies":[{"name":"wp","href":"https:\/\/api.w.org\/{rel}","templated":true}]}}