{"id":4608,"date":"2023-07-06T10:54:08","date_gmt":"2023-07-06T08:54:08","guid":{"rendered":"https:\/\/www.dgft.de\/?page_id=4608"},"modified":"2026-03-09T20:49:28","modified_gmt":"2026-03-09T19:49:28","slug":"stellenausschreibungen","status":"publish","type":"page","link":"https:\/\/www.dgft.de\/en\/wheredoifind\/jobs\/","title":{"rendered":"Jobs"},"content":{"rendered":"<div class=\"fusion-fullwidth fullwidth-box fusion-builder-row-1 fusion-flex-container nonhundred-percent-fullwidth non-hundred-percent-height-scrolling\" style=\"--awb-border-radius-top-left:0px;--awb-border-radius-top-right:0px;--awb-border-radius-bottom-right:0px;--awb-border-radius-bottom-left:0px;--awb-background-color:rgba(229,229,229,0);--awb-flex-wrap:wrap;--awb-box-shadow: 0px 0px ;\" ><div class=\"fusion-builder-row fusion-row fusion-flex-align-items-flex-start fusion-flex-content-wrap\" style=\"max-width:1144px;margin-left: calc(-4% \/ 2 );margin-right: calc(-4% \/ 2 );\"><div class=\"fusion-layout-column fusion_builder_column fusion-builder-column-0 fusion_builder_column_1_1 1_1 fusion-flex-column\" style=\"--awb-bg-size:cover;--awb-width-large:100%;--awb-margin-top-large:0px;--awb-spacing-right-large:1.92%;--awb-margin-bottom-large:20px;--awb-spacing-left-large:1.92%;--awb-width-medium:100%;--awb-order-medium:0;--awb-spacing-right-medium:1.92%;--awb-spacing-left-medium:1.92%;--awb-width-small:100%;--awb-order-small:0;--awb-spacing-right-small:1.92%;--awb-spacing-left-small:1.92%;\"><div class=\"fusion-column-wrapper fusion-column-has-shadow fusion-flex-justify-content-flex-start fusion-content-layout-column\"><div class=\"fusion-title title fusion-title-1 fusion-sep-none fusion-title-text fusion-title-size-one\"><h1 class=\"fusion-title-heading title-heading-left fusion-responsive-typography-calculated\" style=\"margin:0;--fontSize:32;line-height:1.2;\"><h1 style=\"color: #31388c;\">Job Advertisements<\/h1><\/h1><\/div><div class=\"fusion-blog-shortcode fusion-blog-shortcode-1 fusion-blog-archive fusion-blog-layout-grid-wrapper fusion-blog-no fusion-blog-no-images\" style=\"--awb-title-font-size:20px;--awb-title-line-height:var(--awb-typography2-line-height);--awb-title-letter-spacing:var(--awb-typography2-letter-spacing);\"><style type=\"text\/css\">.fusion-blog-shortcode-1 .fusion-blog-layout-grid .fusion-post-grid{padding:20px;}.fusion-blog-shortcode-1 .fusion-posts-container{margin-left: -20px !important; margin-right:-20px !important;}<\/style><div class=\"fusion-posts-container fusion-posts-container-no fusion-blog-layout-grid fusion-blog-layout-grid-1 isotope\" data-pages=\"0\" data-grid-col-space=\"40\" style=\"margin: -20px -20px 0;min-height:500px;\"><article id=\"blog-1-post-5490\" class=\"fusion-post-grid post-5490 post type-post status-publish format-standard hentry category-frontnews category-news category-stellen\">\n<div class=\"fusion-post-wrapper\" style=\"background-color:rgba(244,244,244,1);border:1px solid #ebeaea;border-bottom-width:3px;\"><div class=\"fusion-post-content-wrapper\" style=\"padding:20 10 10 10;\"><div class=\"fusion-post-content post-content\"><p class=\"fusion-single-line-meta\"><span class=\"vcard\" style=\"display: none;\"><span class=\"fn\"><a href=\"https:\/\/www.dgft.de\/en\/author\/sylviascholz\/\" title=\"Posts by Sylvia Scholz\" rel=\"author\">Sylvia Scholz<\/a><\/span><\/span><span class=\"updated\" style=\"display:none;\">2026-04-29T21:12:54+02:00<\/span><span>April 29th, 2026<\/span><span class=\"fusion-inline-sep\">|<\/span><\/p><div class=\"fusion-post-content-container\"><div class=\"fusion-fullwidth fullwidth-box fusion-builder-row-1-1 fusion-flex-container has-pattern-background has-mask-background nonhundred-percent-fullwidth non-hundred-percent-height-scrolling\" style=\"--awb-border-radius-top-left:0px;--awb-border-radius-top-right:0px;--awb-border-radius-bottom-right:0px;--awb-border-radius-bottom-left:0px;--awb-flex-wrap:wrap;\" ><div class=\"fusion-builder-row fusion-row fusion-flex-align-items-flex-start fusion-flex-content-wrap\" style=\"width:104% !important;max-width:104% !important;margin-left: calc(-4% \/ 2 );margin-right: calc(-4% \/ 2 );\"><div class=\"fusion-layout-column fusion_builder_column fusion-builder-column-1 fusion_builder_column_1_1 1_1 fusion-flex-column\" style=\"--awb-bg-size:cover;--awb-width-large:100%;--awb-flex-grow:0;--awb-flex-shrink:0;--awb-margin-top-large:0px;--awb-spacing-right-large:1.92%;--awb-margin-bottom-large:20px;--awb-spacing-left-large:1.92%;--awb-width-medium:100%;--awb-order-medium:0;--awb-flex-grow-medium:0;--awb-flex-shrink-medium:0;--awb-spacing-right-medium:1.92%;--awb-spacing-left-medium:1.92%;--awb-width-small:100%;--awb-order-small:0;--awb-flex-grow-small:0;--awb-flex-shrink-small:0;--awb-spacing-right-small:1.92%;--awb-spacing-left-small:1.92%;\"><div class=\"fusion-column-wrapper fusion-column-has-shadow fusion-flex-justify-content-flex-start fusion-content-layout-column\"><div class=\"fusion-text fusion-text-1\"><h3>Stellenausschreibung Wildwasser Stuttgart e.V.<\/h3>\n<p>Zur Erweiterung ihres Teams sucht die Fachberatungsstelle Wildwasser Stuttgart e.V. zum 01.07.26 eine P\u00e4dagogin\/ Sozialarbeiterin\/ Psychologin<br \/>\noder vergleichbare Qualifikation mit therapeutischer Zusatzausbildung in Teilzeit (60\u201380%). Wildwasser Stuttgart e.V. ist eine spezialisierte Fachberatungsstelle f\u00fcr Frauen* die in der Kindheit\/Jugend sexualisierte Gewalt erfahren haben.<\/p>\n<p>Die Zielgruppe und die Bedingungen der T\u00e4tigkeit erfordern die Besetzung mit einer weiblichen bzw. diversen Fachkraft (z. B. Frauen*, inter*, nicht-bin\u00e4re,<br \/>\ntrans* Personen). Sie begr\u00fc\u00dfen ausdr\u00fccklich Bewerbungen von Menschen, die Diskriminierung oder gesellschaftliche Benachteiligung erfahren haben.<br \/>\nWenn Sie Ihre fachliche Expertise in einem engagierten Umfeld einbringen und aktiv mitgestalten m\u00f6chten, freuen sie sich auf Ihre Bewerbung.<\/p>\n<p>Die vollst\u00e4ndige Stellenausschreibung mit allen relevanten Informationen finden Sie \u00fcber folgenden Link:<\/p>\n<p><a href=\"https:\/\/www.dgft.de\/wp-content\/uploads\/StellenausschreibungWildwasserStuttgart.pdf\">P\u00e4dagogin\/ Sozialarbeiterin\/ Psychologin<\/a><\/p>\n<\/div><\/div><\/div><\/div><\/div>\n<\/div><\/div><\/div><div class=\"fusion-clearfix\"><\/div><\/div>\n<\/article>\n<article id=\"blog-1-post-5488\" class=\"fusion-post-grid post-5488 post type-post status-publish format-standard hentry category-frontnews category-news category-stellen\">\n<div class=\"fusion-post-wrapper\" style=\"background-color:rgba(244,244,244,1);border:1px solid #ebeaea;border-bottom-width:3px;\"><div class=\"fusion-post-content-wrapper\" style=\"padding:20 10 10 10;\"><div class=\"fusion-post-content post-content\"><p class=\"fusion-single-line-meta\"><span class=\"vcard\" style=\"display: none;\"><span class=\"fn\"><a href=\"https:\/\/www.dgft.de\/en\/author\/sylviascholz\/\" title=\"Posts by Sylvia Scholz\" rel=\"author\">Sylvia Scholz<\/a><\/span><\/span><span class=\"updated\" style=\"display:none;\">2026-04-29T21:05:05+02:00<\/span><span>April 29th, 2026<\/span><span class=\"fusion-inline-sep\">|<\/span><\/p><div class=\"fusion-post-content-container\"><div class=\"fusion-fullwidth fullwidth-box fusion-builder-row-1-2 fusion-flex-container has-pattern-background has-mask-background nonhundred-percent-fullwidth non-hundred-percent-height-scrolling\" style=\"--awb-border-radius-top-left:0px;--awb-border-radius-top-right:0px;--awb-border-radius-bottom-right:0px;--awb-border-radius-bottom-left:0px;--awb-flex-wrap:wrap;\" ><div class=\"fusion-builder-row fusion-row fusion-flex-align-items-flex-start fusion-flex-content-wrap\" style=\"width:104% !important;max-width:104% !important;margin-left: calc(-4% \/ 2 );margin-right: calc(-4% \/ 2 );\"><div class=\"fusion-layout-column fusion_builder_column fusion-builder-column-2 fusion_builder_column_1_1 1_1 fusion-flex-column\" style=\"--awb-bg-size:cover;--awb-width-large:100%;--awb-flex-grow:0;--awb-flex-shrink:0;--awb-margin-top-large:0px;--awb-spacing-right-large:1.92%;--awb-margin-bottom-large:20px;--awb-spacing-left-large:1.92%;--awb-width-medium:100%;--awb-order-medium:0;--awb-flex-grow-medium:0;--awb-flex-shrink-medium:0;--awb-spacing-right-medium:1.92%;--awb-spacing-left-medium:1.92%;--awb-width-small:100%;--awb-order-small:0;--awb-flex-grow-small:0;--awb-flex-shrink-small:0;--awb-spacing-right-small:1.92%;--awb-spacing-left-small:1.92%;\"><div class=\"fusion-column-wrapper fusion-column-has-shadow fusion-flex-justify-content-flex-start fusion-content-layout-column\"><div class=\"fusion-text fusion-text-2\"><h3>Stellenausschreibung Psychiatrische Tagesklinik Forchheim<\/h3>\n<p>Die Psychiatrische Tagesklinik Forchheim hat eine Stelle als\u00a0Kunsttherapeut (m\/w\/d) in Vollzeit (befristet auf 1 Jahr) vakant.<\/p>\n<p>Die Psychiatrische Tagesklinik Bamberg \u2013 Forchheim gemeinn\u00fctzige GmbH ist ein Tochterunternehmen der Sozialstiftung Bamberg, einem der gr\u00f6\u00dften\u00a0Gesundheits-\u00a0und Sozialdienstleister in Bayern. Die Psychiatrische Tagesklinik stellt eine qualitativ hochwertige Versorgung von Patienten und Patientinnen mit psychischen Erkrankungen in der Stadt und im Umkreis von Forchheim sicher.\u00a0Die psychiatrische Tagesklinik Bamberg Forchheim gemeinn\u00fctzige GmbH ist mit der teilstation\u00e4ren Versorgung mit 30 Behandlungspl\u00e4tzen im Krankenhausplan des Freistaates Bayern aufgenommen und erf\u00fcllt als Fachkrankenhaus einen medizinischen Versorgungsauftrag f\u00fcr die Region Forchheim. An die Tagesklinik ist die psychiatrische Institutsambulanz angegliedert. J\u00e4hrlich behandeln wir rund 250 Pateinten teilstation\u00e4r und 400 Patienten ambulant.\u00a0Gemeinsam arbeiten wir daran, die Umwelt zu sch\u00fctzen, nachhaltig zu wirtschaften und gleichzeitig unsere Angebote f\u00fcr die Patienten, Bewohner und Mitarbeiter stetig zu verbessern.<\/p>\n<p>Die vollst\u00e4ndige Stellenausschreibung mit allen relevanten Informationen finden Sie \u00fcber folgenden Link:<\/p>\n<p><a href=\"https:\/\/sozialstiftung-bamberg.dvinci-easy.com\/de\/jobs\/52680\/kunsttherapeut-mwd\">Kunsttherapeut (m\/w\/d)<\/a><\/p>\n<\/div><\/div><\/div><\/div><\/div>\n<\/div><\/div><\/div><div class=\"fusion-clearfix\"><\/div><\/div>\n<\/article>\n<article id=\"blog-1-post-5486\" class=\"fusion-post-grid post-5486 post type-post status-publish format-standard hentry category-frontnews category-news category-stellen\">\n<div class=\"fusion-post-wrapper\" style=\"background-color:rgba(244,244,244,1);border:1px solid #ebeaea;border-bottom-width:3px;\"><div class=\"fusion-post-content-wrapper\" style=\"padding:20 10 10 10;\"><div class=\"fusion-post-content post-content\"><p class=\"fusion-single-line-meta\"><span class=\"vcard\" style=\"display: none;\"><span class=\"fn\"><a href=\"https:\/\/www.dgft.de\/en\/author\/sylviascholz\/\" title=\"Posts by Sylvia Scholz\" rel=\"author\">Sylvia Scholz<\/a><\/span><\/span><span class=\"updated\" style=\"display:none;\">2026-04-29T20:57:42+02:00<\/span><span>April 29th, 2026<\/span><span class=\"fusion-inline-sep\">|<\/span><\/p><div class=\"fusion-post-content-container\"><div class=\"fusion-fullwidth fullwidth-box fusion-builder-row-1-3 fusion-flex-container has-pattern-background has-mask-background nonhundred-percent-fullwidth non-hundred-percent-height-scrolling\" style=\"--awb-border-radius-top-left:0px;--awb-border-radius-top-right:0px;--awb-border-radius-bottom-right:0px;--awb-border-radius-bottom-left:0px;--awb-flex-wrap:wrap;\" ><div class=\"fusion-builder-row fusion-row fusion-flex-align-items-flex-start fusion-flex-content-wrap\" style=\"width:104% !important;max-width:104% !important;margin-left: calc(-4% \/ 2 );margin-right: calc(-4% \/ 2 );\"><div class=\"fusion-layout-column fusion_builder_column fusion-builder-column-3 fusion_builder_column_1_1 1_1 fusion-flex-column\" style=\"--awb-bg-size:cover;--awb-width-large:100%;--awb-flex-grow:0;--awb-flex-shrink:0;--awb-margin-top-large:0px;--awb-spacing-right-large:1.92%;--awb-margin-bottom-large:20px;--awb-spacing-left-large:1.92%;--awb-width-medium:100%;--awb-order-medium:0;--awb-flex-grow-medium:0;--awb-flex-shrink-medium:0;--awb-spacing-right-medium:1.92%;--awb-spacing-left-medium:1.92%;--awb-width-small:100%;--awb-order-small:0;--awb-flex-grow-small:0;--awb-flex-shrink-small:0;--awb-spacing-right-small:1.92%;--awb-spacing-left-small:1.92%;\"><div class=\"fusion-column-wrapper fusion-column-has-shadow fusion-flex-justify-content-flex-start fusion-content-layout-column\"><div class=\"fusion-text fusion-text-3\"><h3>Stellenausschreibung Kinderhaus M\u00fcnchen<\/h3>\n<p>Das Kinderhaus M\u00fcnchen sucht ab sofort oder sp\u00e4ter\u00a0Kunsttherapeutin (m\/w\/d) mit Berufserfahrung f\u00fcr ihre Vorschul-HPT\u00a0in M\u00fcnchen-Pasing.<\/p>\n<p>Das Kinderhaus M\u00fcnchen ist ein authentisches Familienunternehmen in dritter Generation und betreibt als privater Tr\u00e4ger mehrere heilp\u00e4dagogische Tagesst\u00e4tten sowie mehrere ambulante Dienste in M\u00fcnchen. Mit\u00a0 ihren derzeit 6 Standorten geh\u00f6ren sie zu den qualitativ besten und hochwertigsten Anbietern in der Kinder- und Jugendhilfe. Insgesamt betreuen sie \u00fcber 220 Kinder- und Jugendliche mit mehr als 60 Mitarbeitenden.<\/p>\n<p>Die vollst\u00e4ndige Stellenausschreibung mit allen relevanten Informationen finden Sie \u00fcber folgenden Link:<\/p>\n<p><a href=\"https:\/\/kinderhaus-muenchen.softgarden.io\/job\/64131363\/Kunsttherapeutin-m-w-d-?jobDbPVId=270039983&amp;l=de\">Kunsttherapeutin (m\/w\/d) bei Kinderhaus M\u00fcnchen <\/a><\/p>\n<\/div><\/div><\/div><\/div><\/div>\n<\/div><\/div><\/div><div class=\"fusion-clearfix\"><\/div><\/div>\n<\/article>\n<article id=\"blog-1-post-5484\" class=\"fusion-post-grid post-5484 post type-post status-publish format-standard hentry category-frontnews category-news category-stellen\">\n<div class=\"fusion-post-wrapper\" style=\"background-color:rgba(244,244,244,1);border:1px solid #ebeaea;border-bottom-width:3px;\"><div class=\"fusion-post-content-wrapper\" style=\"padding:20 10 10 10;\"><div class=\"fusion-post-content post-content\"><p class=\"fusion-single-line-meta\"><span class=\"vcard\" style=\"display: none;\"><span class=\"fn\"><a href=\"https:\/\/www.dgft.de\/en\/author\/sylviascholz\/\" title=\"Posts by Sylvia Scholz\" rel=\"author\">Sylvia Scholz<\/a><\/span><\/span><span class=\"updated\" style=\"display:none;\">2026-04-29T20:49:54+02:00<\/span><span>April 29th, 2026<\/span><span class=\"fusion-inline-sep\">|<\/span><\/p><div class=\"fusion-post-content-container\"><div class=\"fusion-fullwidth fullwidth-box fusion-builder-row-1-4 fusion-flex-container has-pattern-background has-mask-background nonhundred-percent-fullwidth non-hundred-percent-height-scrolling\" style=\"--awb-border-radius-top-left:0px;--awb-border-radius-top-right:0px;--awb-border-radius-bottom-right:0px;--awb-border-radius-bottom-left:0px;--awb-flex-wrap:wrap;\" ><div class=\"fusion-builder-row fusion-row fusion-flex-align-items-flex-start fusion-flex-content-wrap\" style=\"width:104% !important;max-width:104% !important;margin-left: calc(-4% \/ 2 );margin-right: calc(-4% \/ 2 );\"><div class=\"fusion-layout-column fusion_builder_column fusion-builder-column-4 fusion_builder_column_1_1 1_1 fusion-flex-column\" style=\"--awb-bg-size:cover;--awb-width-large:100%;--awb-flex-grow:0;--awb-flex-shrink:0;--awb-margin-top-large:0px;--awb-spacing-right-large:1.92%;--awb-margin-bottom-large:20px;--awb-spacing-left-large:1.92%;--awb-width-medium:100%;--awb-order-medium:0;--awb-flex-grow-medium:0;--awb-flex-shrink-medium:0;--awb-spacing-right-medium:1.92%;--awb-spacing-left-medium:1.92%;--awb-width-small:100%;--awb-order-small:0;--awb-flex-grow-small:0;--awb-flex-shrink-small:0;--awb-spacing-right-small:1.92%;--awb-spacing-left-small:1.92%;\"><div class=\"fusion-column-wrapper fusion-column-has-shadow fusion-flex-justify-content-flex-start fusion-content-layout-column\"><div class=\"fusion-text fusion-text-4\"><h3>Stellenausschreibung Darmst\u00e4dter Kinderkliniken Prinzessin Margaret<\/h3>\n<div class=\"__bjp-content--block-top\">\n<p>Die Darmst\u00e4dter Kinderkliniken Prinzessin Margaret suchen zum n\u00e4chstm\u00f6glichen Zeitpunkt eine\/einen Kunsttherapeutin\/-en (w\/m\/d) in Teilzeit.<\/p>\n<p>Die Darmst\u00e4dter Kinderkliniken Prinzessin Margaret versorgen mit \u00fcber 100 Planbetten und umfangreichen p\u00e4diatrischen Spezialambulanzen ein weites Einzugsgebiet (&gt;18.000 ambulante\/ 7.000 station\u00e4re F\u00e4lle p.a.). Die Klinik f\u00fcr Psychosomatik verf\u00fcgt aktuell \u00fcber 25 vollstation\u00e4re Pl\u00e4tze, zwei Erm\u00e4chtigungsambulanzen und eine Tagesklinik mit 10 Pl\u00e4tzen. Sie behandeln Patientinnen und Patienten mit Erkrankungen aus dem kinder- und jugendpsychiatrischen Spektrum mit psychotherapeutischem Schwerpunkt. Sie freuen sich auf engagierte Mitarbeiter\/innen, die sich mit dem Leitspruch ihres Hauses \u201eKranken Kindern eine gesunde Zukunft geben\u201c identifizieren k\u00f6nnen. Es erwartet Sie ein innovatives Unternehmen in modernen R\u00e4umlichkeiten, in dem das Einbringen eigener Ideen begr\u00fc\u00dft wird.<\/p>\n<\/div>\n<p>Die vollst\u00e4ndige Stellenausschreibung mit allen relevanten Informationen finden Sie \u00fcber folgenden Link der Klinik-Website:<\/p>\n<p><a href=\"https:\/\/jobs.drk.de\/job-postings\/darmstadter-kinderkliniken-prinzessin-margaret-kunsttherapeutin-en-w-m-d\">Kunsttherapeutin\/-en (w\/m\/d) | DRK-Stellenportal<\/a><\/p>\n<\/div><\/div><\/div><\/div><\/div>\n<\/div><\/div><\/div><div class=\"fusion-clearfix\"><\/div><\/div>\n<\/article>\n<article id=\"blog-1-post-5481\" class=\"fusion-post-grid post-5481 post type-post status-publish format-standard hentry category-frontnews category-news category-stellen\">\n<div class=\"fusion-post-wrapper\" style=\"background-color:rgba(244,244,244,1);border:1px solid #ebeaea;border-bottom-width:3px;\"><div class=\"fusion-post-content-wrapper\" style=\"padding:20 10 10 10;\"><div class=\"fusion-post-content post-content\"><p class=\"fusion-single-line-meta\"><span class=\"vcard\" style=\"display: none;\"><span class=\"fn\"><a href=\"https:\/\/www.dgft.de\/en\/author\/sylviascholz\/\" title=\"Posts by Sylvia Scholz\" rel=\"author\">Sylvia Scholz<\/a><\/span><\/span><span class=\"updated\" style=\"display:none;\">2026-04-29T20:44:07+02:00<\/span><span>April 29th, 2026<\/span><span class=\"fusion-inline-sep\">|<\/span><\/p><div class=\"fusion-post-content-container\"><div class=\"fusion-fullwidth fullwidth-box fusion-builder-row-1-5 fusion-flex-container has-pattern-background has-mask-background nonhundred-percent-fullwidth non-hundred-percent-height-scrolling\" style=\"--awb-border-radius-top-left:0px;--awb-border-radius-top-right:0px;--awb-border-radius-bottom-right:0px;--awb-border-radius-bottom-left:0px;--awb-flex-wrap:wrap;\" ><div class=\"fusion-builder-row fusion-row fusion-flex-align-items-flex-start fusion-flex-content-wrap\" style=\"width:104% !important;max-width:104% !important;margin-left: calc(-4% \/ 2 );margin-right: calc(-4% \/ 2 );\"><div class=\"fusion-layout-column fusion_builder_column fusion-builder-column-5 fusion_builder_column_1_1 1_1 fusion-flex-column\" style=\"--awb-bg-size:cover;--awb-width-large:100%;--awb-flex-grow:0;--awb-flex-shrink:0;--awb-margin-top-large:0px;--awb-spacing-right-large:1.92%;--awb-margin-bottom-large:20px;--awb-spacing-left-large:1.92%;--awb-width-medium:100%;--awb-order-medium:0;--awb-flex-grow-medium:0;--awb-flex-shrink-medium:0;--awb-spacing-right-medium:1.92%;--awb-spacing-left-medium:1.92%;--awb-width-small:100%;--awb-order-small:0;--awb-flex-grow-small:0;--awb-flex-shrink-small:0;--awb-spacing-right-small:1.92%;--awb-spacing-left-small:1.92%;\"><div class=\"fusion-column-wrapper fusion-column-has-shadow fusion-flex-justify-content-flex-start fusion-content-layout-column\"><div class=\"fusion-text fusion-text-5\"><h3>Stellenausschreibung Klinikum L\u00fcdenscheid<\/h3>\n<p>Das Klinikum L\u00fcdenscheid sucht <strong>zum n\u00e4chstm\u00f6glichen Zeitpunkt in Voll- oder Teilzeit\u00a0<\/strong>Kunsttherapeut \/ Gestaltungstherapeut tiefenpsychologischem\/psychodynamischem Schwerpunkt (m\/w\/d).<\/p>\n<p>Das Klinikum L\u00fcdenscheid ist ein modern ausgestattetes Haus der Maximalversorgung (rd. 900 Betten bei 29 Fachabteilungen\/Instituten) und geh\u00f6rt zu einem kommunalen Unternehmensverbund mit insgesamt 3.770 Mitarbeitern, der einen wesentlichen Teil der Gesundheitsversorgung des M\u00e4rkischen Kreises sicherstellt. Das Klinikum L\u00fcdenscheid ist akademisches Lehrkrankenhaus der Universit\u00e4t Bonn und Kooperationspartner des Departements f\u00fcr Pflegewissenschaft der Universit\u00e4t Witten-Herdecke.<\/p>\n<p>Die vollst\u00e4ndige Stellenausschreibung mit allen relevanten Informationen finden Sie \u00fcber folgenden Link der Klinik-Website:<\/p>\n<p><a href=\"https:\/\/www.maerkische-kliniken.de\/maerkische-kliniken\/klinikum-luedenscheid\/karriere\/stellenangebote\/home\/stellenangebote\/stellenangebot\/kunsttherapeut-gestaltungstherapeut-tiefenpsychologischem-psychodynamischem-schwerpunkt-m-w-d-287.html\">Stellenangebot | M\u00e4rkische Gesundheitsholding<\/a><\/p>\n<\/div><\/div><\/div><\/div><\/div>\n<\/div><\/div><\/div><div class=\"fusion-clearfix\"><\/div><\/div>\n<\/article>\n<article id=\"blog-1-post-5479\" class=\"fusion-post-grid post-5479 post type-post status-publish format-standard hentry category-frontnews category-news category-stellen\">\n<div class=\"fusion-post-wrapper\" style=\"background-color:rgba(244,244,244,1);border:1px solid #ebeaea;border-bottom-width:3px;\"><div class=\"fusion-post-content-wrapper\" style=\"padding:20 10 10 10;\"><div class=\"fusion-post-content post-content\"><p class=\"fusion-single-line-meta\"><span class=\"vcard\" style=\"display: none;\"><span class=\"fn\"><a href=\"https:\/\/www.dgft.de\/en\/author\/sylviascholz\/\" title=\"Posts by Sylvia Scholz\" rel=\"author\">Sylvia Scholz<\/a><\/span><\/span><span class=\"updated\" style=\"display:none;\">2026-04-29T20:37:56+02:00<\/span><span>April 29th, 2026<\/span><span class=\"fusion-inline-sep\">|<\/span><\/p><div class=\"fusion-post-content-container\"><div class=\"fusion-fullwidth fullwidth-box fusion-builder-row-1-6 fusion-flex-container has-pattern-background has-mask-background nonhundred-percent-fullwidth non-hundred-percent-height-scrolling\" style=\"--awb-border-radius-top-left:0px;--awb-border-radius-top-right:0px;--awb-border-radius-bottom-right:0px;--awb-border-radius-bottom-left:0px;--awb-flex-wrap:wrap;\" ><div class=\"fusion-builder-row fusion-row fusion-flex-align-items-flex-start fusion-flex-content-wrap\" style=\"width:104% !important;max-width:104% !important;margin-left: calc(-4% \/ 2 );margin-right: calc(-4% \/ 2 );\"><div class=\"fusion-layout-column fusion_builder_column fusion-builder-column-6 fusion_builder_column_1_1 1_1 fusion-flex-column\" style=\"--awb-bg-size:cover;--awb-width-large:100%;--awb-flex-grow:0;--awb-flex-shrink:0;--awb-margin-top-large:0px;--awb-spacing-right-large:1.92%;--awb-margin-bottom-large:20px;--awb-spacing-left-large:1.92%;--awb-width-medium:100%;--awb-order-medium:0;--awb-flex-grow-medium:0;--awb-flex-shrink-medium:0;--awb-spacing-right-medium:1.92%;--awb-spacing-left-medium:1.92%;--awb-width-small:100%;--awb-order-small:0;--awb-flex-grow-small:0;--awb-flex-shrink-small:0;--awb-spacing-right-small:1.92%;--awb-spacing-left-small:1.92%;\"><div class=\"fusion-column-wrapper fusion-column-has-shadow fusion-flex-justify-content-flex-start fusion-content-layout-column\"><div class=\"fusion-text fusion-text-6\"><h3>Stellenausschreibung AWO Kreisverband Berlin-Mitte e. V.<\/h3>\n<p>Der AWO Kreisverband Berlin-Mitte e. V. sucht f\u00fcr den Bereich Straff\u00e4lligenhilfe f\u00fcr Frauen in der Einrichtung IsA-K (Integration statt Ausgrenzung &#8211; Kleiderwerkstatt) ab 01.05.2026\u00a0eine Ergotherapeutin\/\u00a0Kunsttherapeutin\u00a0oder eine Mitarbeiterin* mit \u00e4hnlicher Qualifikation.<\/p>\n<p>Es handelt sich um eine zun\u00e4chst\u00a0<strong>befristete Stelle bis zum 31.12.2026<\/strong>\u00a0mit einer w\u00f6chentlichen Arbeitszeit von\u00a0<strong>20 Stunden<\/strong>\u00a0(Teilzeit). Aus konzeptionellen Gr\u00fcnden kann diese Position nur mit einer Frau* besetzt werden.<\/p>\n<p>Die Einrichtung Integration statt Ausgrenzung &#8211; Kleiderwerkstatt (lsA-K) bietet Frauen* Arbeitspl\u00e4tze und sozialp\u00e4dagogische Beratung zur ersatzweisen Tilgung von Geldstrafen und gerichtlichen Auflagen durch gemeinn\u00fctzige Arbeit. Die T\u00e4tigkeit beinhaltet die Anleitung der Klientinnen* in unserem textilgepr\u00e4gten Arbeitsbereich.<\/p>\n<p>Die Arbeiterwohlfahrt z\u00e4hlt\u00a0zu\u00a0den sechs Spitzenverb\u00e4nden der Freien Wohlfahrtspflege\u00a0in\u00a0Deutschland. Sie ist aufgrund ihrer Geschichte und ihres gesellschaftspolitischen Selbstverst\u00e4ndnisses ein Wohlfahrtsverband mit besonderer Pr\u00e4gung. Der AWO Kreisverband Berlin-Mitte e.V. ist mit \u00fcber 600 Mitarbeitenden in etwa 40 Einrichtungen einer der gro\u00dfen Tr\u00e4ger sozialer Arbeit in Berlin.<\/p>\n<p>Die vollst\u00e4ndige Stellenausschreibung mit allen relevanten Informationen finden Sie \u00fcber folgenden Link:<\/p>\n<p><a href=\"https:\/\/www.awo-jobs.de\/stellenangebote\/stellenangebot\/172313-ergotherapeutin-kunsttherapeutin-isa-k-straffaelligenhilfe-fuer-frauen\">Kunsttherapeut*in Job in Berlin | AWO Jobs<\/a><\/p>\n<\/div><\/div><\/div><\/div><\/div>\n<\/div><\/div><\/div><div class=\"fusion-clearfix\"><\/div><\/div>\n<\/article>\n<article id=\"blog-1-post-5477\" class=\"fusion-post-grid post-5477 post type-post status-publish format-standard hentry category-frontnews category-news category-stellen\">\n<div class=\"fusion-post-wrapper\" style=\"background-color:rgba(244,244,244,1);border:1px solid #ebeaea;border-bottom-width:3px;\"><div class=\"fusion-post-content-wrapper\" style=\"padding:20 10 10 10;\"><div class=\"fusion-post-content post-content\"><p class=\"fusion-single-line-meta\"><span class=\"vcard\" style=\"display: none;\"><span class=\"fn\"><a href=\"https:\/\/www.dgft.de\/en\/author\/sylviascholz\/\" title=\"Posts by Sylvia Scholz\" rel=\"author\">Sylvia Scholz<\/a><\/span><\/span><span class=\"updated\" style=\"display:none;\">2026-04-29T20:31:46+02:00<\/span><span>April 29th, 2026<\/span><span class=\"fusion-inline-sep\">|<\/span><\/p><div class=\"fusion-post-content-container\"><div class=\"fusion-fullwidth fullwidth-box fusion-builder-row-1-7 fusion-flex-container nonhundred-percent-fullwidth non-hundred-percent-height-scrolling\" style=\"--awb-border-radius-top-left:0px;--awb-border-radius-top-right:0px;--awb-border-radius-bottom-right:0px;--awb-border-radius-bottom-left:0px;--awb-flex-wrap:wrap;\" ><div class=\"fusion-builder-row fusion-row fusion-flex-align-items-flex-start fusion-flex-content-wrap\" style=\"width:104% !important;max-width:104% !important;margin-left: calc(-4% \/ 2 );margin-right: calc(-4% \/ 2 );\"><div class=\"fusion-layout-column fusion_builder_column fusion-builder-column-7 fusion_builder_column_1_1 1_1 fusion-flex-column\" style=\"--awb-bg-size:cover;--awb-width-large:100%;--awb-flex-grow:0;--awb-flex-shrink:0;--awb-margin-top-large:0px;--awb-spacing-right-large:1.92%;--awb-margin-bottom-large:0px;--awb-spacing-left-large:1.92%;--awb-width-medium:100%;--awb-flex-grow-medium:0;--awb-flex-shrink-medium:0;--awb-spacing-right-medium:1.92%;--awb-spacing-left-medium:1.92%;--awb-width-small:100%;--awb-flex-grow-small:0;--awb-flex-shrink-small:0;--awb-spacing-right-small:1.92%;--awb-spacing-left-small:1.92%;\"><div class=\"fusion-column-wrapper fusion-flex-justify-content-flex-start fusion-content-layout-column\"><div class=\"fusion-text fusion-text-7\"><h3>Stellenausschreibung Vivantes Klinikum Spandau<\/h3>\n<p>Die Vivantes Klinikum Spandau hat ab sofort eine Stelle als\u00a0<span class=\"contentbreadcrumb-title\">Spezialtherapeut*in \u2013 Logop\u00e4die, Musik-, Theater- oder Kunsttherapie mit 38,5 Wochenstunden\u00a0 f\u00fcr den Bereich Department f\u00fcr Seelische Gesundheit | Klinik f\u00fcr Allgemeinpsychiatrie vakant.<\/span><\/p>\n<p>Vivantes ist Berlins gr\u00f6\u00dftes Gesundheitsnetzwerk \u2013 gemeinsam verbunden in der Arbeit mit und an den Menschen. In \u00fcber 100 Fachkliniken, Instituten und Pflegeeinrichtungen stellen wir die erstklassige medizinische und pflegerische Versorgung f\u00fcr einen gro\u00dfen Teil der Berliner*innen sicher. Wie Berlin sind wir in jedem Kiez ein wenig anders, aber eben immer auch ganz klar Vivantes.<\/p>\n<p>Die vollst\u00e4ndige Stellenausschreibung mit allen relevanten Informationen finden Sie \u00fcber folgenden Link der Klinik-Website:<\/p>\n<p><a href=\"https:\/\/karriere.vivantes.de\/stellenangebote\/detail\/spezialtherapeutin-ergo-musik-tanz-theater-kunst-psychiatrie-ksp0905\/\">Spezialtherapeut*in &#8211; Theater \/ Kunst &#8211; Psychiatrie | Vivantes<\/a><\/p>\n<\/div><\/div><\/div><\/div><\/div>\n<\/div><\/div><\/div><div class=\"fusion-clearfix\"><\/div><\/div>\n<\/article>\n<article id=\"blog-1-post-5473\" class=\"fusion-post-grid post-5473 post type-post status-publish format-standard hentry category-frontnews category-news category-stellen\">\n<div class=\"fusion-post-wrapper\" style=\"background-color:rgba(244,244,244,1);border:1px solid #ebeaea;border-bottom-width:3px;\"><div class=\"fusion-post-content-wrapper\" style=\"padding:20 10 10 10;\"><div class=\"fusion-post-content post-content\"><p class=\"fusion-single-line-meta\"><span class=\"vcard\" style=\"display: none;\"><span class=\"fn\"><a href=\"https:\/\/www.dgft.de\/en\/author\/sylviascholz\/\" title=\"Posts by Sylvia Scholz\" rel=\"author\">Sylvia Scholz<\/a><\/span><\/span><span class=\"updated\" style=\"display:none;\">2026-04-29T20:22:15+02:00<\/span><span>April 29th, 2026<\/span><span class=\"fusion-inline-sep\">|<\/span><\/p><div class=\"fusion-post-content-container\"><div class=\"fusion-fullwidth fullwidth-box fusion-builder-row-1-8 fusion-flex-container has-pattern-background has-mask-background nonhundred-percent-fullwidth non-hundred-percent-height-scrolling\" style=\"--awb-border-radius-top-left:0px;--awb-border-radius-top-right:0px;--awb-border-radius-bottom-right:0px;--awb-border-radius-bottom-left:0px;--awb-flex-wrap:wrap;\" ><div class=\"fusion-builder-row fusion-row fusion-flex-align-items-flex-start fusion-flex-content-wrap\" style=\"width:104% !important;max-width:104% !important;margin-left: calc(-4% \/ 2 );margin-right: calc(-4% \/ 2 );\"><div class=\"fusion-layout-column fusion_builder_column fusion-builder-column-8 fusion_builder_column_1_1 1_1 fusion-flex-column\" style=\"--awb-bg-size:cover;--awb-width-large:100%;--awb-flex-grow:0;--awb-flex-shrink:0;--awb-margin-top-large:0px;--awb-spacing-right-large:1.92%;--awb-margin-bottom-large:20px;--awb-spacing-left-large:1.92%;--awb-width-medium:100%;--awb-order-medium:0;--awb-flex-grow-medium:0;--awb-flex-shrink-medium:0;--awb-spacing-right-medium:1.92%;--awb-spacing-left-medium:1.92%;--awb-width-small:100%;--awb-order-small:0;--awb-flex-grow-small:0;--awb-flex-shrink-small:0;--awb-spacing-right-small:1.92%;--awb-spacing-left-small:1.92%;\"><div class=\"fusion-column-wrapper fusion-column-has-shadow fusion-flex-justify-content-flex-start fusion-content-layout-column\"><div class=\"fusion-text fusion-text-8\"><h3>Stellenausschreibung Vivantes Klinikum Neuk\u00f6lln<\/h3>\n<p>Das Vivantes Klinikum Neuk\u00f6lln hat ab sofort eine Stelle als <span class=\"contentbreadcrumb-title\">Spezialtherapeut*in &#8211; Logop\u00e4die, Musik-, Theater- oder Kunsttherapie mit 38,5 Wochenstunden (Teilzeit m\u00f6glich) f\u00fcr den Bereich Kinder- und Jugendpsychiatrie, Psychotherapie und Psychosomatik vakant.<\/span><\/p>\n<p>Vivantes ist Berlins gr\u00f6\u00dftes Gesundheitsnetzwerk \u2013 gemeinsam verbunden in der Arbeit mit und an den Menschen. In \u00fcber 100 Fachkliniken, Instituten und Pflegeeinrichtungen stellen wir die erstklassige medizinische und pflegerische Versorgung f\u00fcr einen gro\u00dfen Teil der Berliner*innen sicher. Wie Berlin sind wir in jedem Kiez ein wenig anders, aber eben immer auch ganz klar Vivantes.<\/p>\n<p>Die vollst\u00e4ndige Stellenausschreibung mit allen relevanten Informationen finden Sie \u00fcber folgenden Link der Klinik-Website:<\/p>\n<p><a href=\"https:\/\/karriere.vivantes.de\/stellenangebote\/detail\/spezialtherapeutin-logopaedie-musik-theater-oder-kunsttherapie-knk0146\/\">https:\/\/Spezialtherapeut*in &#8211; Theater- oder Kunsttherapie | Vivantes<\/a><\/p>\n<\/div><\/div><\/div><\/div><\/div>\n<\/div><\/div><\/div><div class=\"fusion-clearfix\"><\/div><\/div>\n<\/article>\n<article id=\"blog-1-post-5450\" class=\"fusion-post-grid post-5450 post type-post status-publish format-standard hentry category-frontnews category-news category-stellen\">\n<div class=\"fusion-post-wrapper\" style=\"background-color:rgba(244,244,244,1);border:1px solid #ebeaea;border-bottom-width:3px;\"><div class=\"fusion-post-content-wrapper\" style=\"padding:20 10 10 10;\"><div class=\"fusion-post-content post-content\"><p class=\"fusion-single-line-meta\"><span class=\"vcard\" style=\"display: none;\"><span class=\"fn\"><a href=\"https:\/\/www.dgft.de\/en\/author\/sylviascholz\/\" title=\"Posts by Sylvia Scholz\" rel=\"author\">Sylvia Scholz<\/a><\/span><\/span><span class=\"updated\" style=\"display:none;\">2026-03-16T21:19:14+01:00<\/span><span>March 16th, 2026<\/span><span class=\"fusion-inline-sep\">|<\/span><\/p><div class=\"fusion-post-content-container\"><div class=\"fusion-fullwidth fullwidth-box fusion-builder-row-1-9 fusion-flex-container has-pattern-background has-mask-background nonhundred-percent-fullwidth non-hundred-percent-height-scrolling\" style=\"--awb-border-radius-top-left:0px;--awb-border-radius-top-right:0px;--awb-border-radius-bottom-right:0px;--awb-border-radius-bottom-left:0px;--awb-flex-wrap:wrap;\" ><div class=\"fusion-builder-row fusion-row fusion-flex-align-items-flex-start fusion-flex-content-wrap\" style=\"width:104% !important;max-width:104% !important;margin-left: calc(-4% \/ 2 );margin-right: calc(-4% \/ 2 );\"><div class=\"fusion-layout-column fusion_builder_column fusion-builder-column-9 fusion_builder_column_1_1 1_1 fusion-flex-column\" style=\"--awb-bg-size:cover;--awb-width-large:100%;--awb-flex-grow:0;--awb-flex-shrink:0;--awb-margin-top-large:0px;--awb-spacing-right-large:1.92%;--awb-margin-bottom-large:20px;--awb-spacing-left-large:1.92%;--awb-width-medium:100%;--awb-order-medium:0;--awb-flex-grow-medium:0;--awb-flex-shrink-medium:0;--awb-spacing-right-medium:1.92%;--awb-spacing-left-medium:1.92%;--awb-width-small:100%;--awb-order-small:0;--awb-flex-grow-small:0;--awb-flex-shrink-small:0;--awb-spacing-right-small:1.92%;--awb-spacing-left-small:1.92%;\"><div class=\"fusion-column-wrapper fusion-column-has-shadow fusion-flex-justify-content-flex-start fusion-content-layout-column\"><div class=\"fusion-text fusion-text-9\"><h3>Stellenausschreibung Heiligenfeld Klinik Bad Kissingen<\/h3>\n<p>Die\u00a0Heiligenfeld Klinik Bad Kissingen\u00a0besetzt zum 01.04.2026 eine Stelle als Fachtherapeut (m\/w\/d) mit einem Stellenumfang von 75%.<\/p>\n<p>Heiligenfeld ist eine werteorientierte und innovative Klinikgruppe mit Hauptsitz in Bad Kissingen. Sie betreiben 9 Kliniken an 5 Standorten und besch\u00e4ftigen ca. 985 Mitarbeitende. Seit \u00fcber 35 Jahren leben sie eine ausgepr\u00e4gte Patienten- und Mitarbeiterorientierung in ihren Kliniken und wurden daf\u00fcr mehrfach ausgezeichnet.<\/p>\n<p>Die Fachklinik Heiligenfeld ist eine Klinik f\u00fcr psychosomatische Krankenhausbehandlung. Die medizinisch-therapeutische Behandlung ist in der Fachklinik Heiligenfeld nach einem ganzheitlichen, integrativen und menschlichen Therapiekonzept gestaltet, das alle Ebenen der Person einbezieht.<\/p>\n<p>Die vollst\u00e4ndige Stellenausschreibung mit allen relevanten Informationen finden Sie \u00fcber folgenden Link der Klinik-Website:<\/p>\n<p><a href=\"https:\/\/www.heiligenfeld.de\/stellen\/fachtherapeut-bad-kissingen-62062419\">https:\/\/www.heiligenfeld.de\/stellen\/fachtherapeut-bad-kissingen-62062419<\/a><\/p>\n<\/div><\/div><\/div><\/div><\/div>\n<\/div><\/div><\/div><div class=\"fusion-clearfix\"><\/div><\/div>\n<\/article>\n<article id=\"blog-1-post-5302\" class=\"fusion-post-grid post-5302 post type-post status-publish format-standard hentry category-frontnews category-news category-stellen\">\n<div class=\"fusion-post-wrapper\" style=\"background-color:rgba(244,244,244,1);border:1px solid #ebeaea;border-bottom-width:3px;\"><div class=\"fusion-post-content-wrapper\" style=\"padding:20 10 10 10;\"><div class=\"fusion-post-content post-content\"><p class=\"fusion-single-line-meta\"><span class=\"vcard\" style=\"display: none;\"><span class=\"fn\"><a href=\"https:\/\/www.dgft.de\/en\/author\/sylviascholz\/\" title=\"Posts by Sylvia Scholz\" rel=\"author\">Sylvia Scholz<\/a><\/span><\/span><span class=\"updated\" style=\"display:none;\">2025-08-20T10:23:28+02:00<\/span><span>August 20th, 2025<\/span><span class=\"fusion-inline-sep\">|<\/span><\/p><div class=\"fusion-post-content-container\"><div class=\"fusion-fullwidth fullwidth-box fusion-builder-row-1-10 fusion-flex-container nonhundred-percent-fullwidth non-hundred-percent-height-scrolling\" style=\"--awb-border-radius-top-left:0px;--awb-border-radius-top-right:0px;--awb-border-radius-bottom-right:0px;--awb-border-radius-bottom-left:0px;--awb-flex-wrap:wrap;\" ><div class=\"fusion-builder-row fusion-row fusion-flex-align-items-flex-start fusion-flex-content-wrap\" style=\"width:104% !important;max-width:104% !important;margin-left: calc(-4% \/ 2 );margin-right: calc(-4% \/ 2 );\"><div class=\"fusion-layout-column fusion_builder_column fusion-builder-column-10 fusion_builder_column_1_1 1_1 fusion-flex-column\" style=\"--awb-bg-size:cover;--awb-width-large:100%;--awb-flex-grow:0;--awb-flex-shrink:0;--awb-margin-top-large:0px;--awb-spacing-right-large:1.92%;--awb-margin-bottom-large:0px;--awb-spacing-left-large:1.92%;--awb-width-medium:100%;--awb-flex-grow-medium:0;--awb-flex-shrink-medium:0;--awb-spacing-right-medium:1.92%;--awb-spacing-left-medium:1.92%;--awb-width-small:100%;--awb-flex-grow-small:0;--awb-flex-shrink-small:0;--awb-spacing-right-small:1.92%;--awb-spacing-left-small:1.92%;\"><div class=\"fusion-column-wrapper fusion-flex-justify-content-flex-start fusion-content-layout-column\"><div class=\"fusion-text fusion-text-10\"><h3>Stellenausschreibung Klinik am Waldschl\u00f6sschen<\/h3>\n<p>Die Klinik am Waldschl\u00f6\u00dfchen in Dresden sucht f\u00fcr die Erweiterung ihres Teams ein\/e <strong>K\u00f6rperpsychotherapeut*in (m\/w\/d)<\/strong> mit traumatherapeutischer Ausrichtung &amp; ein\/e\u00a0<strong>Psychodramatherapeut*in (m\/w\/d)<\/strong>. Die Klinik ist eine renommierte Psychosomatische Fachklinik, deren Schwerpunkt in der Behandlung des gesamten Spektrums psychischer Traumafolgest\u00f6rungen \u2013 etwa nach sexualisierter oder k\u00f6rperlicher Gewalt, aber auch nach berufsbedingten Traumatisierungen liegt. Die Behandlung basiert auf einer intensiven, spezifischen Einzeltherapie sowie gruppentherapeutischen Angeboten und wird durch ein multiprofessionelles Team getragen. Ein umfangreiches nonverbales Therapieangebot mit wahrnehmungsf\u00f6rdernden, erlebniszentrierenden und ressourcenorientierenden \u2013 Therapieverfahren im Gruppen- und Einzelsetting pr\u00e4gt das integrative Therapiekonzept.\u00a0Mit derzeit 82 station\u00e4ren Behandlungspl\u00e4tzen und einer zugeh\u00f6rigen Traumaambulanz liegt die Klinik mitten in der Elbmetropole Dresden \u2013 ruhig und gesch\u00fctzt im historischen Waldschl\u00f6\u00dfchenareal.<\/p>\n<p>Mehr \u00fcber die Stelle auf der <a href=\"https:\/\/www.klinik-waldschloesschen.de\/profil\/stellenangebote\/psychologisches-personal\/\" target=\"_blank\" rel=\"noopener\">Webseite der Klinik<\/a><\/p>\n<\/div><\/div><\/div><\/div><\/div>\n<\/div><\/div><\/div><div class=\"fusion-clearfix\"><\/div><\/div>\n<\/article>\n<div class=\"fusion-clearfix\"><\/div><\/div><\/div><\/div><\/div><\/div><\/div>\n","protected":false},"excerpt":{"rendered":"<p>Stellenausschreibung Klinik am Waldschl\u00f6sschen Die Klinik am Waldschl\u00f6\u00dfchen in Dresden sucht f\u00fcr die Erweiterung ihres Teams ein\/e K\u00f6rperpsychotherapeut*in (m\/w\/d) mit traumatherapeutischer Ausrichtung &amp; ein\/e\u00a0Psychodramatherapeut*in (m\/w\/d). Die Klinik ist eine renommierte Psychosomatische Fachklinik, deren Schwerpunkt in der Behandlung des gesamten Spektrums psychischer Traumafolgest\u00f6rungen \u2013 etwa nach sexualisierter oder k\u00f6rperlicher Gewalt, aber auch nach berufsbedingten Traumatisierungen liegt.  [&#8230;]<\/p>\n","protected":false},"author":213,"featured_media":0,"parent":891,"menu_order":5,"comment_status":"closed","ping_status":"closed","template":"","meta":{"_bbp_topic_count":0,"_bbp_reply_count":0,"_bbp_total_topic_count":0,"_bbp_total_reply_count":0,"_bbp_voice_count":0,"_bbp_anonymous_reply_count":0,"_bbp_topic_count_hidden":0,"_bbp_reply_count_hidden":0,"_bbp_forum_subforum_count":0,"footnotes":""},"class_list":["post-4608","page","type-page","status-publish","hentry"],"_links":{"self":[{"href":"https:\/\/www.dgft.de\/en\/wp-json\/wp\/v2\/pages\/4608","targetHints":{"allow":["GET"]}}],"collection":[{"href":"https:\/\/www.dgft.de\/en\/wp-json\/wp\/v2\/pages"}],"about":[{"href":"https:\/\/www.dgft.de\/en\/wp-json\/wp\/v2\/types\/page"}],"author":[{"embeddable":true,"href":"https:\/\/www.dgft.de\/en\/wp-json\/wp\/v2\/users\/213"}],"replies":[{"embeddable":true,"href":"https:\/\/www.dgft.de\/en\/wp-json\/wp\/v2\/comments?post=4608"}],"version-history":[{"count":6,"href":"https:\/\/www.dgft.de\/en\/wp-json\/wp\/v2\/pages\/4608\/revisions"}],"predecessor-version":[{"id":5445,"href":"https:\/\/www.dgft.de\/en\/wp-json\/wp\/v2\/pages\/4608\/revisions\/5445"}],"up":[{"embeddable":true,"href":"https:\/\/www.dgft.de\/en\/wp-json\/wp\/v2\/pages\/891"}],"wp:attachment":[{"href":"https:\/\/www.dgft.de\/en\/wp-json\/wp\/v2\/media?parent=4608"}],"curies":[{"name":"wp","href":"https:\/\/api.w.org\/{rel}","templated":true}]}}