{"id":4556,"date":"2023-06-30T09:13:05","date_gmt":"2023-06-30T07:13:05","guid":{"rendered":"https:\/\/www.dgft.de\/?post_type=tribe_events&#038;p=4556"},"modified":"2023-06-30T09:13:05","modified_gmt":"2023-06-30T07:13:05","slug":"lvr-fachtagung-fuer-kuenstlerische-therapien-fakt","status":"publish","type":"tribe_events","link":"https:\/\/www.dgft.de\/en\/kalender\/lvr-fachtagung-fuer-kuenstlerische-therapien-fakt\/","title":{"rendered":"LVR-Fachtagung f\u00fcr K\u00fcnstlerische Therapien FaKT"},"content":{"rendered":"<p>&#8216;Keine falsche Scham!\u00a0\u2013\u00a0ein besonderes Gefu\u0308hl in den Ku\u0308nstlerischen Therapien&#8217;<br aria-hidden=\"true\" \/>09. &#8211; 10. November 2023 in der LVR-Klinik Viersen.<\/p>\n<p>Hierbei handelt es sich um die gr\u00f6\u00dfte medien\u00fcbergreifende Fachtagung Europas. Sie findet dieses Jahr in der LVR-Klinik Viersen statt. Unter dem Motto. Keine falsche Scham! \u2013 Ein besonderes Gef\u00fchl in den K\u00fcnstlerischen Therapien werden wir uns aus verschiedenen Perspektiven der gro\u00dfen Relevanz des oft vernachl\u00e4ssigten Gef\u00fchls Scham im therapeutischen Prozess widmen. Prof. Dr. Gitta Strehlow, Dr. Marianne Eberhard-Kaechele, Eva Schoofs und Dr. David Strahl werden vormittags wissenschaftliche Vortr\u00e4ge halten. Nachmittags folgen je sechs Workshops sowie wissenschaftliche Posterpr\u00e4sentationen, um einen regen Austausch und vielf\u00e4ltige neue Impulse f\u00fcr die praktische Arbeit zu erm\u00f6glichen. Moderiert wird die zweit\u00e4gige Veranstaltung durch Prof. Johannes Junker. Zudem wird f\u00fcr Ihr leibliches Wohl und musikalische Unterhaltung auf der Abendveranstaltung gesorgt sein.<\/p>\n<p>Ab dem 1. August 2023 k\u00f6nnen Sie sich unter <a href=\"mailto:fakt@pink-social.de\">fakt@pink-social.de<\/a> anmelden.<\/p>\n","protected":false},"excerpt":{"rendered":"<p>&#8216;Keine falsche Scham!\u00a0\u2013\u00a0ein besonderes Gefu\u0308hl in den Ku\u0308nstlerischen Therapien&#8217;<br \/>\n09. &#8211; 10. November 2023 in der LVR-Klinik Viersen.<\/p>\n","protected":false},"author":213,"featured_media":0,"template":"","meta":{"_bbp_topic_count":0,"_bbp_reply_count":0,"_bbp_total_topic_count":0,"_bbp_total_reply_count":0,"_bbp_voice_count":0,"_bbp_anonymous_reply_count":0,"_bbp_topic_count_hidden":0,"_bbp_reply_count_hidden":0,"_bbp_forum_subforum_count":0,"_tribe_events_status":"","_tribe_events_status_reason":"","footnotes":""},"tags":[],"tribe_events_cat":[],"class_list":["post-4556","tribe_events","type-tribe_events","status-publish","hentry"],"_links":{"self":[{"href":"https:\/\/www.dgft.de\/en\/wp-json\/wp\/v2\/tribe_events\/4556","targetHints":{"allow":["GET"]}}],"collection":[{"href":"https:\/\/www.dgft.de\/en\/wp-json\/wp\/v2\/tribe_events"}],"about":[{"href":"https:\/\/www.dgft.de\/en\/wp-json\/wp\/v2\/types\/tribe_events"}],"author":[{"embeddable":true,"href":"https:\/\/www.dgft.de\/en\/wp-json\/wp\/v2\/users\/213"}],"version-history":[{"count":1,"href":"https:\/\/www.dgft.de\/en\/wp-json\/wp\/v2\/tribe_events\/4556\/revisions"}],"predecessor-version":[{"id":4557,"href":"https:\/\/www.dgft.de\/en\/wp-json\/wp\/v2\/tribe_events\/4556\/revisions\/4557"}],"wp:attachment":[{"href":"https:\/\/www.dgft.de\/en\/wp-json\/wp\/v2\/media?parent=4556"}],"wp:term":[{"taxonomy":"post_tag","embeddable":true,"href":"https:\/\/www.dgft.de\/en\/wp-json\/wp\/v2\/tags?post=4556"},{"taxonomy":"tribe_events_cat","embeddable":true,"href":"https:\/\/www.dgft.de\/en\/wp-json\/wp\/v2\/tribe_events_cat?post=4556"}],"curies":[{"name":"wp","href":"https:\/\/api.w.org\/{rel}","templated":true}]}}