{"id":5156,"date":"2025-01-25T10:57:05","date_gmt":"2025-01-25T09:57:05","guid":{"rendered":"https:\/\/www.dgft.de\/?post_type=tribe_events&#038;p=5156"},"modified":"2025-01-28T10:26:59","modified_gmt":"2025-01-28T09:26:59","slug":"regionaltagung-nord-der-deutschen-musiktherapeutischen-gesellschaft","status":"publish","type":"tribe_events","link":"https:\/\/www.dgft.de\/en\/kalender\/regionaltagung-nord-der-deutschen-musiktherapeutischen-gesellschaft\/","title":{"rendered":"Regionaltagung Nord der Deutschen Musiktherapeutischen Gesellschaft"},"content":{"rendered":"<div data-canvas-width=\"41.77066666666666\">Die RV-Nord w\u00fcnscht Ihnen und Euch ein gesundes Jahr 2025, mit eindr\u00fccklichen, bewegenden und musikalischen Momenten!<\/div>\n<div data-canvas-width=\"240.35200000000003\">Traditionell m\u00f6chten wir auch in diesem Jahr zur Regionaltagung in Hamburg einladen. Neben Mitgliedern der Deutschen<\/div>\n<div data-canvas-width=\"602.7200000000003\">Musiktherapeutischen Gesellschaft (DMtG) aus der Region Nord m\u00f6chten wir in diesem Jahr im Sinne der (kreativen)<\/div>\n<div data-canvas-width=\"469.05600000000004\">Vernetzung und des interdisziplin\u00e4ren Austauschs auch ganz herzlich Therapeut:innen aller K\u00fcnstlerischer Therapien<\/div>\n<div data-canvas-width=\"95.79733333333334\">willkommen hei\u00dfen.<\/div>\n<div data-canvas-width=\"22.560000000000002\"><\/div>\n<div data-canvas-width=\"22.560000000000002\">Ort: HFMT Hamburg (Harvestehuder Weg 12, 20148 Hamburg)<\/div>\n<div data-canvas-width=\"90.92266666666667\">Datum\/Uhrzeit: Samstag, den 08.03.2025, 11 &#8211; 17 Uhr<\/div>\n<div><\/div>\n<div data-canvas-width=\"504.33066666666656\">Neben Raum f\u00fcr gemeinsames Improvisieren, Ausr\u00fccken und \u201eviben\u201c, m\u00f6chten wir auch den fachlichen und<\/div>\n<div data-canvas-width=\"155.7973333333333\">berufspolitischen Austausch anregen. Den Gro\u00dfteil der Tagung werden wir in interdisziplin\u00e4ren Fachgruppen Anregungen teilen, Interventionen vorstellen und hinterfragen oder \u00fcber unsere berufspolitische Zukunft diskutieren.<\/div>\n<div data-canvas-width=\"123.49866666666668\">Hierf\u00fcr werden wir einige Materialen bereitstellen. Herzlich laden wir aber auch dazu ein, Materialen, Instrumente, T\u00fccher, &#8230;<\/div>\n<div data-canvas-width=\"369.9093333333331\">mitzubringen. Womit dr\u00fcckt ihr euch besonders gern aus? Wir sind gespannt!!<\/div>\n<div data-canvas-width=\"328.75733333333324\">Getr\u00e4nke (Tee, Kaffee) werden vor Ort gestellt. F\u00fcr das traditionelle \u201eMitbringbuffet\u201c laden wir auch zu einem kulinarischen Austausch ein. S\u00fc\u00dfe und herzhafte Snacks sind gern gesehen.<\/div>\n<div data-canvas-width=\"601.0133333333335\">Zum Nachweis der Teilnahme an der Veranstaltung wird eine Best\u00e4tigung ausgeh\u00e4ndigt. Es sind 5 Fortbildungspunkte beantragt.<\/div>\n<div data-canvas-width=\"220.91733333333332\">Anmeldung bitte bis zum 28.02.2025 an <strong>rv.nord@musiktherapie.de<\/strong><\/div>\n<div>.<\/div>\n<div data-canvas-width=\"227.44533333333328\">Bitte gebt neben Ihren\/Eurem Namen auch den<\/div>\n<div data-canvas-width=\"477.8986666666667\">Fachverband an und ob ggf. noch Materialen f\u00fcr die gemeinsame Improvisationszeit ben\u00f6tigt werden.<\/div>\n","protected":false},"excerpt":{"rendered":"<p>Die RV-Nord w\u00fcnscht Ihnen und Euch ein gesundes Jahr 2025, mit eindr\u00fccklichen, bewegenden und musikalischen Momenten! Traditionell m\u00f6chten wir auch in diesem Jahr zur Regionaltagung in Hamburg einladen. Neben Mitgliedern der Deutschen Musiktherapeutischen Gesellschaft (DMtG) aus der Region Nord m\u00f6chten wir in diesem Jahr im Sinne der (kreativen) Vernetzung und des interdisziplin\u00e4ren Austauschs auch ganz  [&#8230;]<\/p>\n","protected":false},"author":213,"featured_media":0,"template":"","meta":{"_bbp_topic_count":0,"_bbp_reply_count":0,"_bbp_total_topic_count":0,"_bbp_total_reply_count":0,"_bbp_voice_count":0,"_bbp_anonymous_reply_count":0,"_bbp_topic_count_hidden":0,"_bbp_reply_count_hidden":0,"_bbp_forum_subforum_count":0,"_tribe_events_status":"","_tribe_events_status_reason":"","footnotes":""},"tags":[],"tribe_events_cat":[78],"class_list":["post-5156","tribe_events","type-tribe_events","status-publish","hentry","tribe_events_cat-tagungen-und-konferenzen","cat_tagungen-und-konferenzen"],"_links":{"self":[{"href":"https:\/\/www.dgft.de\/en\/wp-json\/wp\/v2\/tribe_events\/5156","targetHints":{"allow":["GET"]}}],"collection":[{"href":"https:\/\/www.dgft.de\/en\/wp-json\/wp\/v2\/tribe_events"}],"about":[{"href":"https:\/\/www.dgft.de\/en\/wp-json\/wp\/v2\/types\/tribe_events"}],"author":[{"embeddable":true,"href":"https:\/\/www.dgft.de\/en\/wp-json\/wp\/v2\/users\/213"}],"version-history":[{"count":1,"href":"https:\/\/www.dgft.de\/en\/wp-json\/wp\/v2\/tribe_events\/5156\/revisions"}],"predecessor-version":[{"id":5157,"href":"https:\/\/www.dgft.de\/en\/wp-json\/wp\/v2\/tribe_events\/5156\/revisions\/5157"}],"wp:attachment":[{"href":"https:\/\/www.dgft.de\/en\/wp-json\/wp\/v2\/media?parent=5156"}],"wp:term":[{"taxonomy":"post_tag","embeddable":true,"href":"https:\/\/www.dgft.de\/en\/wp-json\/wp\/v2\/tags?post=5156"},{"taxonomy":"tribe_events_cat","embeddable":true,"href":"https:\/\/www.dgft.de\/en\/wp-json\/wp\/v2\/tribe_events_cat?post=5156"}],"curies":[{"name":"wp","href":"https:\/\/api.w.org\/{rel}","templated":true}]}}